{"id":1304,"date":"2016-12-05T15:09:35","date_gmt":"2016-12-05T15:09:35","guid":{"rendered":"https:\/\/depeco.econo.unlp.edu.ar\/?page_id=1304"},"modified":"2017-09-01T19:15:09","modified_gmt":"2017-09-01T19:15:09","slug":"serie-documentos-de-trabajo","status":"publish","type":"page","link":"https:\/\/depeco.econo.unlp.edu.ar\/?page_id=1304","title":{"rendered":"SERIE DOCUMENTOS DE TRABAJO"},"content":{"rendered":"<p>[vc_row content_placement=\u00bbtop\u00bb bg_image=\u00bb2083&#8243; dt_parallax_inertia=\u00bb0&#8243;][vc_column][vc_row_inner][vc_column_inner]<div style=\"clear:both; width:100%; height:25px\"><\/div>[vc_column_text]<\/p>\n<h2><span style=\"color: #ffffff;\">SERIE DOCUMENTOS DE TRABAJO<\/span><\/h2>\n<p>[\/vc_column_text][\/vc_column_inner][\/vc_row_inner][\/vc_column][\/vc_row][vc_row dt_row_type=\u00bbin_container\u00bb][vc_column]<div style=\"clear:both; width:100%; height:20px\"><\/div>[vc_column_text]<\/p>\n<h3><strong>Departamento de Econom\u00eda e Instituto de Investigaciones Econ\u00f3micas<\/strong><\/h3>\n<p>[\/vc_column_text][vc_column_text css=\u00bb.vc_custom_1496158642588{padding-top: 20px !important;padding-right: 20px !important;padding-bottom: 20px !important;padding-left: 20px !important;background-color: #eaeaea !important;}\u00bb]<\/p>\n<h4>La Serie Documentos de Trabajo incluye trabajos de investigaci\u00f3n realizados por los docentes e investigadores del Departamento de Econom\u00eda de nuestra Facultad, as\u00ed como algunas tesis destacadas de maestr\u00eda y doctorado. El objetivo es la divulgaci\u00f3n de los trabajos de investigaci\u00f3n y el fomento de las relaciones acad\u00e9micas entre las instituciones. Los trabajos est\u00e1n sujetos a una evaluaci\u00f3n interna por parte de otros investigadores del Departamento. Los interesados en publicar su trabajo en esta Serie pueden encontrar instrucciones aqu\u00ed. Los Documentos de trabajo est\u00e1n disponibles en formato PDF y se encuentran incluidos en la colecci\u00f3n electr\u00f3nica RePEc (Research Papers in Economics). ISSN 1853-3930.<\/h4>\n<p>[\/vc_column_text]<div class=\"blog-page\"><section class=\"blog-masonry vc_blog_shortcode on-one-column isotope\">\r\n<article id=\"post-3951\" class=\"post post-masonry post-3951 type-post status-publish format-link hentry category-serie-documentos-de-trabajo post_format-post-format-link\">\r\n\r\n\t<div class=\"post-content format-link\">\r\n\t\t\t\t\t<h3 class=\"masonry-title\"><a href=\"https:\/\/depeco.econo.unlp.edu.ar\/wp-content\/uploads\/2019\/03\/doc119.pdf\"  rel=\"\"  title=\"Nro. 119 (Marzo 2019). Alberto Porto y Francisco Pizzi. Precios e Impuestos de los Combustibles en la Argentina. Relaci\u00f3n con los Precios Internacionales.\" target=\"_blank\" >Nro. 119 (Marzo 2019). Alberto Porto y Francisco Pizzi. Precios e Impuestos de los Combustibles en la Argentina. Relaci\u00f3n con los Precios Internacionales.<\/a><\/h3>\r\n\t\t\t\t\r\n\t\r\n\t\t<span class=\"post-meta\">\r\n\t\t\t<i class=\"for-sticky fa fa-exclamation\"><\/i><i class=\"fa fa-link\"><\/i>\r\n\t\t\t<em>7 marzo, 2019<\/em>\t\t<\/span>\t\t\t\t\t\r\n\t\t<div class=\"clear\"><\/div>\r\n\t\r\n\t<\/div><!--end post-content-->\r\n\t\r\n<\/article><!-- #post -->\r\n<article id=\"post-3783\" class=\"post post-masonry post-3783 type-post status-publish format-link hentry category-serie-documentos-de-trabajo post_format-post-format-link\">\r\n\r\n\t<div class=\"post-content format-link\">\r\n\t\t\t\t\t<h3 class=\"masonry-title\"><a href=\"https:\/\/depeco.econo.unlp.edu.ar\/wp-content\/uploads\/2018\/08\/doc118.pdf\"  rel=\"\"  title=\"Nro. 118 (Agosto 2018). Alberto Porto y Francisco Pizzi. Transmisi\u00f3n del Precio Internacional del Petr\u00f3leo a los Precios Internos del Petr\u00f3leo y los Combustibles en la Argentina.\" target=\"_blank\" >Nro. 118 (Agosto 2018). Alberto Porto y Francisco Pizzi. Transmisi\u00f3n del Precio Internacional del Petr\u00f3leo a los Precios Internos del Petr\u00f3leo y los Combustibles en la Argentina.<\/a><\/h3>\r\n\t\t\t\t\r\n\t\r\n\t\t<span class=\"post-meta\">\r\n\t\t\t<i class=\"for-sticky fa fa-exclamation\"><\/i><i class=\"fa fa-link\"><\/i>\r\n\t\t\t<em>29 agosto, 2018<\/em>\t\t<\/span>\t\t\t\t\t\r\n\t\t<div class=\"clear\"><\/div>\r\n\t\r\n\t<\/div><!--end post-content-->\r\n\t\r\n<\/article><!-- #post -->\r\n<article id=\"post-3764\" class=\"post post-masonry post-3764 type-post status-publish format-link hentry category-serie-documentos-de-trabajo post_format-post-format-link\">\r\n\r\n\t<div class=\"post-content format-link\">\r\n\t\t\t\t\t<h3 class=\"masonry-title\"><a href=\"https:\/\/depeco.econo.unlp.edu.ar\/wp-content\/uploads\/2018\/06\/doc117.pdf\"  rel=\"\"  title=\"Nro. 117 (Junio 2018). Irene Brambilla. Digital Technology Adoption and Jobs: A Model of Firm Heterogeneity.\" target=\"_blank\" >Nro. 117 (Junio 2018). Irene Brambilla. Digital Technology Adoption and Jobs: A Model of Firm Heterogeneity.<\/a><\/h3>\r\n\t\t\t\t\r\n\t\r\n\t\t<span class=\"post-meta\">\r\n\t\t\t<i class=\"for-sticky fa fa-exclamation\"><\/i><i class=\"fa fa-link\"><\/i>\r\n\t\t\t<em>27 junio, 2018<\/em>\t\t<\/span>\t\t\t\t\t\r\n\t\t<div class=\"clear\"><\/div>\r\n\t\r\n\t<\/div><!--end post-content-->\r\n\t\r\n<\/article><!-- #post -->\r\n<article id=\"post-3762\" class=\"post post-masonry post-3762 type-post status-publish format-link hentry category-serie-documentos-de-trabajo post_format-post-format-link\">\r\n\r\n\t<div class=\"post-content format-link\">\r\n\t\t\t\t\t<h3 class=\"masonry-title\"><a href=\"https:\/\/depeco.econo.unlp.edu.ar\/wp-content\/uploads\/2018\/06\/doc116.pdf\"  rel=\"\"  title=\"Nro. 116 (Junio 2018). Irene Brambilla y Dar\u00edo Tortarolo. Investment in ICT, Productivity, and Labor Demand: The Case of Argentina.\" target=\"_blank\" >Nro. 116 (Junio 2018). Irene Brambilla y Dar\u00edo Tortarolo. Investment in ICT, Productivity, and Labor Demand: The Case of Argentina.<\/a><\/h3>\r\n\t\t\t\t\r\n\t\r\n\t\t<span class=\"post-meta\">\r\n\t\t\t<i class=\"for-sticky fa fa-exclamation\"><\/i><i class=\"fa fa-link\"><\/i>\r\n\t\t\t<em>27 junio, 2018<\/em>\t\t<\/span>\t\t\t\t\t\r\n\t\t<div class=\"clear\"><\/div>\r\n\t\r\n\t<\/div><!--end post-content-->\r\n\t\r\n<\/article><!-- #post -->\r\n<article id=\"post-3760\" class=\"post post-masonry post-3760 type-post status-publish format-link hentry category-serie-documentos-de-trabajo post_format-post-format-link\">\r\n\r\n\t<div class=\"post-content format-link\">\r\n\t\t\t\t\t<h3 class=\"masonry-title\"><a href=\"https:\/\/depeco.econo.unlp.edu.ar\/wp-content\/uploads\/2018\/06\/doc115.pdf\"  rel=\"\"  title=\"Nro. 115 (Junio 2018). Irene Brambilla y Guido Porto. Diagn\u00f3stico y Visi\u00f3n de la Inserci\u00f3n Comercial Argentina en el Mundo.\" target=\"_blank\" >Nro. 115 (Junio 2018). Irene Brambilla y Guido Porto. Diagn\u00f3stico y Visi\u00f3n de la Inserci\u00f3n Comercial Argentina en el Mundo.<\/a><\/h3>\r\n\t\t\t\t\r\n\t\r\n\t\t<span class=\"post-meta\">\r\n\t\t\t<i class=\"for-sticky fa fa-exclamation\"><\/i><i class=\"fa fa-link\"><\/i>\r\n\t\t\t<em>27 junio, 2018<\/em>\t\t<\/span>\t\t\t\t\t\r\n\t\t<div class=\"clear\"><\/div>\r\n\t\r\n\t<\/div><!--end post-content-->\r\n\t\r\n<\/article><!-- #post -->\r\n<article id=\"post-3758\" class=\"post post-masonry post-3758 type-post status-publish format-link hentry category-serie-documentos-de-trabajo post_format-post-format-link\">\r\n\r\n\t<div class=\"post-content format-link\">\r\n\t\t\t\t\t<h3 class=\"masonry-title\"><a href=\"https:\/\/depeco.econo.unlp.edu.ar\/wp-content\/uploads\/2018\/06\/doc114.pdf\"  rel=\"\"  title=\"Nro. 114 (Junio 2018). Irene Brambilla, Daniel Lederman y Guido Porto. Exporting Firms and the Demand for Skilled Tasks.\" target=\"_blank\" >Nro. 114 (Junio 2018). Irene Brambilla, Daniel Lederman y Guido Porto. Exporting Firms and the Demand for Skilled Tasks.<\/a><\/h3>\r\n\t\t\t\t\r\n\t\r\n\t\t<span class=\"post-meta\">\r\n\t\t\t<i class=\"for-sticky fa fa-exclamation\"><\/i><i class=\"fa fa-link\"><\/i>\r\n\t\t\t<em>27 junio, 2018<\/em>\t\t<\/span>\t\t\t\t\t\r\n\t\t<div class=\"clear\"><\/div>\r\n\t\r\n\t<\/div><!--end post-content-->\r\n\t\r\n<\/article><!-- #post -->\r\n<article id=\"post-3463\" class=\"post post-masonry post-3463 type-post status-publish format-link hentry category-serie-documentos-de-trabajo post_format-post-format-link\">\r\n\r\n\t<div class=\"post-content format-link\">\r\n\t\t\t\t\t<h3 class=\"masonry-title\"><a href=\"https:\/\/depeco.econo.unlp.edu.ar\/wp-content\/uploads\/2017\/09\/doc113.pdf\"  rel=\"\"  title=\"Nro. 113 (Septiembre 2017). Alberto Porto. Impuestos Subnacionales sobre la Producci\u00f3n. Aportes para la Discusi\u00f3n de la Reforma Tributaria.\" target=\"_blank\" >Nro. 113 (Septiembre 2017). Alberto Porto. Impuestos Subnacionales sobre la Producci\u00f3n. Aportes para la Discusi\u00f3n de la Reforma Tributaria.<\/a><\/h3>\r\n\t\t\t\t\r\n\t\r\n\t\t<span class=\"post-meta\">\r\n\t\t\t<i class=\"for-sticky fa fa-exclamation\"><\/i><i class=\"fa fa-link\"><\/i>\r\n\t\t\t<em>4 septiembre, 2017<\/em>\t\t<\/span>\t\t\t\t\t\r\n\t\t<div class=\"clear\"><\/div>\r\n\t\r\n\t<\/div><!--end post-content-->\r\n\t\r\n<\/article><!-- #post -->\r\n<article id=\"post-3461\" class=\"post post-masonry post-3461 type-post status-publish format-link hentry category-serie-documentos-de-trabajo post_format-post-format-link\">\r\n\r\n\t<div class=\"post-content format-link\">\r\n\t\t\t\t\t<h3 class=\"masonry-title\"><a href=\"https:\/\/depeco.econo.unlp.edu.ar\/wp-content\/uploads\/2017\/09\/doc112.pdf\"  rel=\"\"  title=\"Nro. 112 (Septiembre 2017). Alberto Porto, Marcelo Garriga y Walter Rosales. El Impuesto a los Ingresos Brutos y Alternativas de Reforma.\" target=\"_blank\" >Nro. 112 (Septiembre 2017). Alberto Porto, Marcelo Garriga y Walter Rosales. El Impuesto a los Ingresos Brutos y Alternativas de Reforma.<\/a><\/h3>\r\n\t\t\t\t\r\n\t\r\n\t\t<span class=\"post-meta\">\r\n\t\t\t<i class=\"for-sticky fa fa-exclamation\"><\/i><i class=\"fa fa-link\"><\/i>\r\n\t\t\t<em>4 septiembre, 2017<\/em>\t\t<\/span>\t\t\t\t\t\r\n\t\t<div class=\"clear\"><\/div>\r\n\t\r\n\t<\/div><!--end post-content-->\r\n\t\r\n<\/article><!-- #post -->\r\n<article id=\"post-3458\" class=\"post post-masonry post-3458 type-post status-publish format-link hentry category-serie-documentos-de-trabajo post_format-post-format-link\">\r\n\r\n\t<div class=\"post-content format-link\">\r\n\t\t\t\t\t<h3 class=\"masonry-title\"><a href=\"https:\/\/depeco.econo.unlp.edu.ar\/wp-content\/uploads\/2017\/09\/doc111.pdf\"  rel=\"\"  title=\"Nro. 111 (Septiembre 2017). Walter Cont y Diego Fern\u00e1ndez Felices. Multi-stage Taxation by Subnational gGovernments: Welfare Effects.\" target=\"_blank\" >Nro. 111 (Septiembre 2017). Walter Cont y Diego Fern\u00e1ndez Felices. Multi-stage Taxation by Subnational gGovernments: Welfare Effects.<\/a><\/h3>\r\n\t\t\t\t\r\n\t\r\n\t\t<span class=\"post-meta\">\r\n\t\t\t<i class=\"for-sticky fa fa-exclamation\"><\/i><i class=\"fa fa-link\"><\/i>\r\n\t\t\t<em>4 septiembre, 2017<\/em>\t\t<\/span>\t\t\t\t\t\r\n\t\t<div class=\"clear\"><\/div>\r\n\t\r\n\t<\/div><!--end post-content-->\r\n\t\r\n<\/article><!-- #post -->\r\n<article id=\"post-2060\" class=\"post post-masonry post-2060 type-post status-publish format-link hentry category-serie-documentos-de-trabajo post_format-post-format-link\">\r\n\r\n\t<div class=\"post-content format-link\">\r\n\t\t\t\t\t<h3 class=\"masonry-title\"><a href=\"\/wp-content\/uploads\/2017\/05\/doc110.pdf\"  rel=\"\"  title=\"Nro. 110 (Octubre 2016). Adolfo Sturzenegger. \u00abUna Econom\u00eda Regional en Sobrevivencia Involutiva: El tabaco Virginia en Jujuy y la Comercializaci\u00f3n Monops\u00f3nica\u00bb.\" target=\"_blank\" >Nro. 110 (Octubre 2016). Adolfo Sturzenegger. \u00abUna Econom\u00eda Regional en Sobrevivencia Involutiva: El tabaco Virginia en Jujuy y la Comercializaci\u00f3n Monops\u00f3nica\u00bb.<\/a><\/h3>\r\n\t\t\t\t\r\n\t\r\n\t\t<span class=\"post-meta\">\r\n\t\t\t<i class=\"for-sticky fa fa-exclamation\"><\/i><i class=\"fa fa-link\"><\/i>\r\n\t\t\t<em>29 mayo, 2017<\/em>\t\t<\/span>\t\t\t\t\t\r\n\t\t<div class=\"clear\"><\/div>\r\n\t\r\n\t<\/div><!--end post-content-->\r\n\t\r\n<\/article><!-- #post -->\r\n<article id=\"post-2058\" class=\"post post-masonry post-2058 type-post status-publish format-link hentry category-serie-documentos-de-trabajo post_format-post-format-link\">\r\n\r\n\t<div class=\"post-content format-link\">\r\n\t\t\t\t\t<h3 class=\"masonry-title\"><a href=\"\/wp-content\/uploads\/2017\/05\/doc109.pdf\"  rel=\"\"  title=\"Nro. 109 (Octubre 2016). Horacio L. P. Piffano. \u00abLas Decisiones Colectivas, la Teor\u00eda de los Juegos y el Ballottage del 2015 en Argentina\u00bb.\" target=\"_blank\" >Nro. 109 (Octubre 2016). Horacio L. P. Piffano. \u00abLas Decisiones Colectivas, la Teor\u00eda de los Juegos y el Ballottage del 2015 en Argentina\u00bb.<\/a><\/h3>\r\n\t\t\t\t\r\n\t\r\n\t\t<span class=\"post-meta\">\r\n\t\t\t<i class=\"for-sticky fa fa-exclamation\"><\/i><i class=\"fa fa-link\"><\/i>\r\n\t\t\t<em>29 mayo, 2017<\/em>\t\t<\/span>\t\t\t\t\t\r\n\t\t<div class=\"clear\"><\/div>\r\n\t\r\n\t<\/div><!--end post-content-->\r\n\t\r\n<\/article><!-- #post -->\r\n<article id=\"post-2056\" class=\"post post-masonry post-2056 type-post status-publish format-link hentry category-serie-documentos-de-trabajo post_format-post-format-link\">\r\n\r\n\t<div class=\"post-content format-link\">\r\n\t\t\t\t\t<h3 class=\"masonry-title\"><a href=\"\/wp-content\/uploads\/2017\/05\/doc108.pdf\"  rel=\"\"  title=\"Nro. 108 (Septiembre 2016). Walter Cont y Diego Fern\u00e1ndez Felices. \u00abMulti-Stage Taxation by Subnational Governments: Tax Incidence and Leviathan Taxation\u00bb.\" target=\"_blank\" >Nro. 108 (Septiembre 2016). Walter Cont y Diego Fern\u00e1ndez Felices. \u00abMulti-Stage Taxation by Subnational Governments: Tax Incidence and Leviathan Taxation\u00bb.<\/a><\/h3>\r\n\t\t\t\t\r\n\t\r\n\t\t<span class=\"post-meta\">\r\n\t\t\t<i class=\"for-sticky fa fa-exclamation\"><\/i><i class=\"fa fa-link\"><\/i>\r\n\t\t\t<em>29 mayo, 2017<\/em>\t\t<\/span>\t\t\t\t\t\r\n\t\t<div class=\"clear\"><\/div>\r\n\t\r\n\t<\/div><!--end post-content-->\r\n\t\r\n<\/article><!-- #post -->\r\n<article id=\"post-2054\" class=\"post post-masonry post-2054 type-post status-publish format-link hentry category-serie-documentos-de-trabajo post_format-post-format-link\">\r\n\r\n\t<div class=\"post-content format-link\">\r\n\t\t\t\t\t<h3 class=\"masonry-title\"><a href=\"\/wp-content\/uploads\/2017\/05\/doc107.pdf\"  rel=\"\"  title=\"Nro. 107 (Agosto 2015). Ricardo Bebczuk y Eduardo Cavallo. \u00abBusiness Saving, Corporate Veil, Domestic Saving, Corporate Finance\u00bb.\" target=\"_blank\" >Nro. 107 (Agosto 2015). Ricardo Bebczuk y Eduardo Cavallo. \u00abBusiness Saving, Corporate Veil, Domestic Saving, Corporate Finance\u00bb.<\/a><\/h3>\r\n\t\t\t\t\r\n\t\r\n\t\t<span class=\"post-meta\">\r\n\t\t\t<i class=\"for-sticky fa fa-exclamation\"><\/i><i class=\"fa fa-link\"><\/i>\r\n\t\t\t<em>29 mayo, 2017<\/em>\t\t<\/span>\t\t\t\t\t\r\n\t\t<div class=\"clear\"><\/div>\r\n\t\r\n\t<\/div><!--end post-content-->\r\n\t\r\n<\/article><!-- #post -->\r\n<article id=\"post-2052\" class=\"post post-masonry post-2052 type-post status-publish format-link hentry category-serie-documentos-de-trabajo post_format-post-format-link\">\r\n\r\n\t<div class=\"post-content format-link\">\r\n\t\t\t\t\t<h3 class=\"masonry-title\"><a href=\"\/wp-content\/uploads\/2017\/05\/doc106.pdf\"  rel=\"\"  title=\"Nro. 106 (Diciembre 2014). Fernando Morra. \u00abModerando Inflaciones Moderadas\u00bb.\" target=\"_blank\" >Nro. 106 (Diciembre 2014). Fernando Morra. \u00abModerando Inflaciones Moderadas\u00bb.<\/a><\/h3>\r\n\t\t\t\t\r\n\t\r\n\t\t<span class=\"post-meta\">\r\n\t\t\t<i class=\"for-sticky fa fa-exclamation\"><\/i><i class=\"fa fa-link\"><\/i>\r\n\t\t\t<em>29 mayo, 2017<\/em>\t\t<\/span>\t\t\t\t\t\r\n\t\t<div class=\"clear\"><\/div>\r\n\t\r\n\t<\/div><!--end post-content-->\r\n\t\r\n<\/article><!-- #post -->\r\n<article id=\"post-2050\" class=\"post post-masonry post-2050 type-post status-publish format-link hentry category-serie-documentos-de-trabajo post_format-post-format-link\">\r\n\r\n\t<div class=\"post-content format-link\">\r\n\t\t\t\t\t<h3 class=\"masonry-title\"><a href=\"\/wp-content\/uploads\/2017\/05\/doc105.pdf\"  rel=\"\"  title=\"Nro. 105 (Junio 2014). Diego Fern\u00e1ndez Felices, Isidro Guardarucci y Jorge Puig. \u00abIncidencia Distributiva del Sistema Tributario Argentino\u00bb.\" target=\"_blank\" >Nro. 105 (Junio 2014). Diego Fern\u00e1ndez Felices, Isidro Guardarucci y Jorge Puig. \u00abIncidencia Distributiva del Sistema Tributario Argentino\u00bb.<\/a><\/h3>\r\n\t\t\t\t\r\n\t\r\n\t\t<span class=\"post-meta\">\r\n\t\t\t<i class=\"for-sticky fa fa-exclamation\"><\/i><i class=\"fa fa-link\"><\/i>\r\n\t\t\t<em>29 mayo, 2017<\/em>\t\t<\/span>\t\t\t\t\t\r\n\t\t<div class=\"clear\"><\/div>\r\n\t\r\n\t<\/div><!--end post-content-->\r\n\t\r\n<\/article><!-- #post -->\r\n<article id=\"post-2048\" class=\"post post-masonry post-2048 type-post status-publish format-link hentry category-serie-documentos-de-trabajo post_format-post-format-link\">\r\n\r\n\t<div class=\"post-content format-link\">\r\n\t\t\t\t\t<h3 class=\"masonry-title\"><a href=\"\/wp-content\/uploads\/2017\/05\/doc104.pdf\"  rel=\"\"  title=\"Nro. 104 (Mayo 2014). Irene Brambilla y Dar\u00edo Tortarolo. \u00abAn Empirical Analysis of Mark-ups in the Argentine Manufacturing Sector\u00bb.\" target=\"_blank\" >Nro. 104 (Mayo 2014). Irene Brambilla y Dar\u00edo Tortarolo. \u00abAn Empirical Analysis of Mark-ups in the Argentine Manufacturing Sector\u00bb.<\/a><\/h3>\r\n\t\t\t\t\r\n\t\r\n\t\t<span class=\"post-meta\">\r\n\t\t\t<i class=\"for-sticky fa fa-exclamation\"><\/i><i class=\"fa fa-link\"><\/i>\r\n\t\t\t<em>29 mayo, 2017<\/em>\t\t<\/span>\t\t\t\t\t\r\n\t\t<div class=\"clear\"><\/div>\r\n\t\r\n\t<\/div><!--end post-content-->\r\n\t\r\n<\/article><!-- #post -->\r\n<article id=\"post-2046\" class=\"post post-masonry post-2046 type-post status-publish format-link hentry category-serie-documentos-de-trabajo post_format-post-format-link\">\r\n\r\n\t<div class=\"post-content format-link\">\r\n\t\t\t\t\t<h3 class=\"masonry-title\"><a href=\"\/wp-content\/uploads\/2017\/05\/doc103.pdf\"  rel=\"\"  title=\"Nro. 103 (Marzo 2014). Horacio L. P. Piffano. \u00abOpciones Tributarias de los Gobiernos Subnacionales en el Actual Escenario Federal\u00bb.\" target=\"_blank\" >Nro. 103 (Marzo 2014). Horacio L. P. Piffano. \u00abOpciones Tributarias de los Gobiernos Subnacionales en el Actual Escenario Federal\u00bb.<\/a><\/h3>\r\n\t\t\t\t\r\n\t\r\n\t\t<span class=\"post-meta\">\r\n\t\t\t<i class=\"for-sticky fa fa-exclamation\"><\/i><i class=\"fa fa-link\"><\/i>\r\n\t\t\t<em>29 mayo, 2017<\/em>\t\t<\/span>\t\t\t\t\t\r\n\t\t<div class=\"clear\"><\/div>\r\n\t\r\n\t<\/div><!--end post-content-->\r\n\t\r\n<\/article><!-- #post -->\r\n<article id=\"post-2044\" class=\"post post-masonry post-2044 type-post status-publish format-link hentry category-serie-documentos-de-trabajo post_format-post-format-link\">\r\n\r\n\t<div class=\"post-content format-link\">\r\n\t\t\t\t\t<h3 class=\"masonry-title\"><a href=\"\/wp-content\/uploads\/2017\/05\/doc102.pdf\"  rel=\"\"  title=\"Nro. 102 (Diciembre 2013). Alberto Porto. \u00abDeterminantes de la Distribucion Regional de los Gastos P\u00fablicos. Un Caso de Estudio\u00bb.\" target=\"_blank\" >Nro. 102 (Diciembre 2013). Alberto Porto. \u00abDeterminantes de la Distribucion Regional de los Gastos P\u00fablicos. Un Caso de Estudio\u00bb.<\/a><\/h3>\r\n\t\t\t\t\r\n\t\r\n\t\t<span class=\"post-meta\">\r\n\t\t\t<i class=\"for-sticky fa fa-exclamation\"><\/i><i class=\"fa fa-link\"><\/i>\r\n\t\t\t<em>29 mayo, 2017<\/em>\t\t<\/span>\t\t\t\t\t\r\n\t\t<div class=\"clear\"><\/div>\r\n\t\r\n\t<\/div><!--end post-content-->\r\n\t\r\n<\/article><!-- #post -->\r\n<article id=\"post-2042\" class=\"post post-masonry post-2042 type-post status-publish format-link hentry category-serie-documentos-de-trabajo post_format-post-format-link\">\r\n\r\n\t<div class=\"post-content format-link\">\r\n\t\t\t\t\t<h3 class=\"masonry-title\"><a href=\"\/wp-content\/uploads\/2017\/05\/doc101.pdf\"  rel=\"\"  title=\"Nro. 101 (Diciembre 2013). Erhan Artu\u00e7, Germ\u00e1n Bet, Irene Brambilla y Guido Porto. \u00abTrade Shocks and Factor Adjustment Frictions: Implications for Investment and Labor\u00bb.\" target=\"_blank\" >Nro. 101 (Diciembre 2013). Erhan Artu\u00e7, Germ\u00e1n Bet, Irene Brambilla y Guido Porto. \u00abTrade Shocks and Factor Adjustment Frictions: Implications for Investment and Labor\u00bb.<\/a><\/h3>\r\n\t\t\t\t\r\n\t\r\n\t\t<span class=\"post-meta\">\r\n\t\t\t<i class=\"for-sticky fa fa-exclamation\"><\/i><i class=\"fa fa-link\"><\/i>\r\n\t\t\t<em>29 mayo, 2017<\/em>\t\t<\/span>\t\t\t\t\t\r\n\t\t<div class=\"clear\"><\/div>\r\n\t\r\n\t<\/div><!--end post-content-->\r\n\t\r\n<\/article><!-- #post -->\r\n<article id=\"post-2040\" class=\"post post-masonry post-2040 type-post status-publish format-link hentry category-serie-documentos-de-trabajo post_format-post-format-link\">\r\n\r\n\t<div class=\"post-content format-link\">\r\n\t\t\t\t\t<h3 class=\"masonry-title\"><a href=\"\/wp-content\/uploads\/2017\/05\/doc100.pdf\"  rel=\"\"  title=\"Nro. 100 (Diciembre 2013). \u00abRules and Enforcement &#8211; 2\u00bb (Versi\u00f3n en Espa\u00f1ol).\" target=\"_blank\" >Nro. 100 (Diciembre 2013). \u00abRules and Enforcement &#8211; 2\u00bb (Versi\u00f3n en Espa\u00f1ol).<\/a><\/h3>\r\n\t\t\t\t\r\n\t\r\n\t\t<span class=\"post-meta\">\r\n\t\t\t<i class=\"for-sticky fa fa-exclamation\"><\/i><i class=\"fa fa-link\"><\/i>\r\n\t\t\t<em>29 mayo, 2017<\/em>\t\t<\/span>\t\t\t\t\t\r\n\t\t<div class=\"clear\"><\/div>\r\n\t\r\n\t<\/div><!--end post-content-->\r\n\t\r\n<\/article><!-- #post -->\r\n<article id=\"post-2038\" class=\"post post-masonry post-2038 type-post status-publish format-link hentry category-serie-documentos-de-trabajo post_format-post-format-link\">\r\n\r\n\t<div class=\"post-content format-link\">\r\n\t\t\t\t\t<h3 class=\"masonry-title\"><a href=\"\/wp-content\/uploads\/2017\/05\/doc100_eng.pdf\"  rel=\"\"  title=\"Nro. 100 (Diciembre 2013). Horacio L. P. Piffano. \u00abRules and Enforcement &#8211; 2\u00bb (English Version).\" target=\"_blank\" >Nro. 100 (Diciembre 2013). Horacio L. P. Piffano. \u00abRules and Enforcement &#8211; 2\u00bb (English Version).<\/a><\/h3>\r\n\t\t\t\t\r\n\t\r\n\t\t<span class=\"post-meta\">\r\n\t\t\t<i class=\"for-sticky fa fa-exclamation\"><\/i><i class=\"fa fa-link\"><\/i>\r\n\t\t\t<em>29 mayo, 2017<\/em>\t\t<\/span>\t\t\t\t\t\r\n\t\t<div class=\"clear\"><\/div>\r\n\t\r\n\t<\/div><!--end post-content-->\r\n\t\r\n<\/article><!-- #post -->\r\n<article id=\"post-2036\" class=\"post post-masonry post-2036 type-post status-publish format-link hentry category-serie-documentos-de-trabajo post_format-post-format-link\">\r\n\r\n\t<div class=\"post-content format-link\">\r\n\t\t\t\t\t<h3 class=\"masonry-title\"><a href=\"\/wp-content\/uploads\/2017\/05\/doc99.pdf\"  rel=\"\"  title=\"Nro. 99 (Junio 2013). Mario L. Szychowski. \u00abEl Efecto de la Demanda del Bien en la Asignaci\u00f3n de Recursos\u00bb.\" target=\"_blank\" >Nro. 99 (Junio 2013). Mario L. Szychowski. \u00abEl Efecto de la Demanda del Bien en la Asignaci\u00f3n de Recursos\u00bb.<\/a><\/h3>\r\n\t\t\t\t\r\n\t\r\n\t\t<span class=\"post-meta\">\r\n\t\t\t<i class=\"for-sticky fa fa-exclamation\"><\/i><i class=\"fa fa-link\"><\/i>\r\n\t\t\t<em>29 mayo, 2017<\/em>\t\t<\/span>\t\t\t\t\t\r\n\t\t<div class=\"clear\"><\/div>\r\n\t\r\n\t<\/div><!--end post-content-->\r\n\t\r\n<\/article><!-- #post -->\r\n<article id=\"post-2034\" class=\"post post-masonry post-2034 type-post status-publish format-link hentry category-serie-documentos-de-trabajo post_format-post-format-link\">\r\n\r\n\t<div class=\"post-content format-link\">\r\n\t\t\t\t\t<h3 class=\"masonry-title\"><a href=\"\/wp-content\/uploads\/2017\/05\/doc98.pdf\"  rel=\"\"  title=\"Nro. 98 (Mayo 2013). Agust\u00edn L\u00f3dola, Rafael Brigo y Fernando Morra. \u00abEconom\u00eda de los Gobiernos Municipales. Teor\u00eda y Aplicaciones a la Argentina: Producci\u00f3n en los Municipios de la Provincia de Buenos Aires\u00bb.\" target=\"_blank\" >Nro. 98 (Mayo 2013). Agust\u00edn L\u00f3dola, Rafael Brigo y Fernando Morra. \u00abEconom\u00eda de los Gobiernos Municipales. Teor\u00eda y Aplicaciones a la Argentina: Producci\u00f3n en los Municipios de la Provincia de Buenos Aires\u00bb.<\/a><\/h3>\r\n\t\t\t\t\r\n\t\r\n\t\t<span class=\"post-meta\">\r\n\t\t\t<i class=\"for-sticky fa fa-exclamation\"><\/i><i class=\"fa fa-link\"><\/i>\r\n\t\t\t<em>29 mayo, 2017<\/em>\t\t<\/span>\t\t\t\t\t\r\n\t\t<div class=\"clear\"><\/div>\r\n\t\r\n\t<\/div><!--end post-content-->\r\n\t\r\n<\/article><!-- #post -->\r\n<article id=\"post-2032\" class=\"post post-masonry post-2032 type-post status-publish format-link hentry category-serie-documentos-de-trabajo post_format-post-format-link\">\r\n\r\n\t<div class=\"post-content format-link\">\r\n\t\t\t\t\t<h3 class=\"masonry-title\"><a href=\"\/wp-content\/uploads\/2017\/05\/doc97.pdf\"  rel=\"\"  title=\"Nro. 97 (Mayo 2013). Ricardo Bebczuk, Tamara Burdisso y M\u00e1ximo Sangi\u00e1como. \u00abCredit vs. Payment Services: Financial Development and Economic Activity Revisited\u00bb.\" target=\"_blank\" >Nro. 97 (Mayo 2013). Ricardo Bebczuk, Tamara Burdisso y M\u00e1ximo Sangi\u00e1como. \u00abCredit vs. Payment Services: Financial Development and Economic Activity Revisited\u00bb.<\/a><\/h3>\r\n\t\t\t\t\r\n\t\r\n\t\t<span class=\"post-meta\">\r\n\t\t\t<i class=\"for-sticky fa fa-exclamation\"><\/i><i class=\"fa fa-link\"><\/i>\r\n\t\t\t<em>29 mayo, 2017<\/em>\t\t<\/span>\t\t\t\t\t\r\n\t\t<div class=\"clear\"><\/div>\r\n\t\r\n\t<\/div><!--end post-content-->\r\n\t\r\n<\/article><!-- #post -->\r\n<article id=\"post-2030\" class=\"post post-masonry post-2030 type-post status-publish format-link hentry category-serie-documentos-de-trabajo post_format-post-format-link\">\r\n\r\n\t<div class=\"post-content format-link\">\r\n\t\t\t\t\t<h3 class=\"masonry-title\"><a href=\"\/wp-content\/uploads\/2017\/05\/doc96.pdf\"  rel=\"\"  title=\"Nro. 96 (Marzo 2013). Horacio L. P. Piffano. \u00abLa Incidencia de las Pol\u00edticas P\u00fablicas sobre la Actividad Rural, el Escenario Comparado y la Propuesta de Reforma Tributaria\u00bb.\" target=\"_blank\" >Nro. 96 (Marzo 2013). Horacio L. P. Piffano. \u00abLa Incidencia de las Pol\u00edticas P\u00fablicas sobre la Actividad Rural, el Escenario Comparado y la Propuesta de Reforma Tributaria\u00bb.<\/a><\/h3>\r\n\t\t\t\t\r\n\t\r\n\t\t<span class=\"post-meta\">\r\n\t\t\t<i class=\"for-sticky fa fa-exclamation\"><\/i><i class=\"fa fa-link\"><\/i>\r\n\t\t\t<em>29 mayo, 2017<\/em>\t\t<\/span>\t\t\t\t\t\r\n\t\t<div class=\"clear\"><\/div>\r\n\t\r\n\t<\/div><!--end post-content-->\r\n\t\r\n<\/article><!-- #post -->\r\n<article id=\"post-2026\" class=\"post post-masonry post-2026 type-post status-publish format-link hentry category-serie-documentos-de-trabajo post_format-post-format-link\">\r\n\r\n\t<div class=\"post-content format-link\">\r\n\t\t\t\t\t<h3 class=\"masonry-title\"><a href=\"\/wp-content\/uploads\/2017\/05\/doc95.pdf\"  rel=\"\"  title=\"Nro. 95 (Noviembre 2012). Ricardo Bebczuk y Maria Lorena Garegnani. \u00abReal State as Housing and as Financial Investment: A First Assessment for Argentina\u00bb.\" target=\"_blank\" >Nro. 95 (Noviembre 2012). Ricardo Bebczuk y Maria Lorena Garegnani. \u00abReal State as Housing and as Financial Investment: A First Assessment for Argentina\u00bb.<\/a><\/h3>\r\n\t\t\t\t\r\n\t\r\n\t\t<span class=\"post-meta\">\r\n\t\t\t<i class=\"for-sticky fa fa-exclamation\"><\/i><i class=\"fa fa-link\"><\/i>\r\n\t\t\t<em>29 mayo, 2017<\/em>\t\t<\/span>\t\t\t\t\t\r\n\t\t<div class=\"clear\"><\/div>\r\n\t\r\n\t<\/div><!--end post-content-->\r\n\t\r\n<\/article><!-- #post -->\r\n<article id=\"post-2024\" class=\"post post-masonry post-2024 type-post status-publish format-link hentry category-serie-documentos-de-trabajo post_format-post-format-link\">\r\n\r\n\t<div class=\"post-content format-link\">\r\n\t\t\t\t\t<h3 class=\"masonry-title\"><a href=\"\/wp-content\/uploads\/2017\/05\/doc94.pdf\"  rel=\"\"  title=\"Nro. 94 (Octubre 2012). Horacio L. P. Piffano. \u00abEl Reto de Edmund Phelps: Las Crisis y los Modelos Econ\u00f3micos\u00bb.\" target=\"_blank\" >Nro. 94 (Octubre 2012). Horacio L. P. Piffano. \u00abEl Reto de Edmund Phelps: Las Crisis y los Modelos Econ\u00f3micos\u00bb.<\/a><\/h3>\r\n\t\t\t\t\r\n\t\r\n\t\t<span class=\"post-meta\">\r\n\t\t\t<i class=\"for-sticky fa fa-exclamation\"><\/i><i class=\"fa fa-link\"><\/i>\r\n\t\t\t<em>29 mayo, 2017<\/em>\t\t<\/span>\t\t\t\t\t\r\n\t\t<div class=\"clear\"><\/div>\r\n\t\r\n\t<\/div><!--end post-content-->\r\n\t\r\n<\/article><!-- #post -->\r\n<article id=\"post-2022\" class=\"post post-masonry post-2022 type-post status-publish format-link hentry category-serie-documentos-de-trabajo post_format-post-format-link\">\r\n\r\n\t<div class=\"post-content format-link\">\r\n\t\t\t\t\t<h3 class=\"masonry-title\"><a href=\"\/wp-content\/uploads\/2017\/05\/doc94_eng.pdf\"  rel=\"\"  title=\"Nro. 94 (Octubre 2012). Horacio L. P. Piffano. \u00abThe Challenge of Edmund Phelps: Crises and Economic Models\u00bb.\" target=\"_blank\" >Nro. 94 (Octubre 2012). Horacio L. P. Piffano. \u00abThe Challenge of Edmund Phelps: Crises and Economic Models\u00bb.<\/a><\/h3>\r\n\t\t\t\t\r\n\t\r\n\t\t<span class=\"post-meta\">\r\n\t\t\t<i class=\"for-sticky fa fa-exclamation\"><\/i><i class=\"fa fa-link\"><\/i>\r\n\t\t\t<em>29 mayo, 2017<\/em>\t\t<\/span>\t\t\t\t\t\r\n\t\t<div class=\"clear\"><\/div>\r\n\t\r\n\t<\/div><!--end post-content-->\r\n\t\r\n<\/article><!-- #post -->\r\n<article id=\"post-2020\" class=\"post post-masonry post-2020 type-post status-publish format-link hentry category-serie-documentos-de-trabajo post_format-post-format-link\">\r\n\r\n\t<div class=\"post-content format-link\">\r\n\t\t\t\t\t<h3 class=\"masonry-title\"><a href=\"\/wp-content\/uploads\/2017\/05\/doc93.pdf\"  rel=\"\"  title=\"Nro. 93 (Octubre 2012). Horacio L. P. Piffano. \u00abLas Crisis y los Modelos Econ\u00f3micos: Diagn\u00f3sticos, Predicciones y las Pol\u00edticas Econ\u00f3micas\u00bb.\" target=\"_blank\" >Nro. 93 (Octubre 2012). Horacio L. P. Piffano. \u00abLas Crisis y los Modelos Econ\u00f3micos: Diagn\u00f3sticos, Predicciones y las Pol\u00edticas Econ\u00f3micas\u00bb.<\/a><\/h3>\r\n\t\t\t\t\r\n\t\r\n\t\t<span class=\"post-meta\">\r\n\t\t\t<i class=\"for-sticky fa fa-exclamation\"><\/i><i class=\"fa fa-link\"><\/i>\r\n\t\t\t<em>29 mayo, 2017<\/em>\t\t<\/span>\t\t\t\t\t\r\n\t\t<div class=\"clear\"><\/div>\r\n\t\r\n\t<\/div><!--end post-content-->\r\n\t\r\n<\/article><!-- #post -->\r\n<article id=\"post-2018\" class=\"post post-masonry post-2018 type-post status-publish format-link hentry category-serie-documentos-de-trabajo post_format-post-format-link\">\r\n\r\n\t<div class=\"post-content format-link\">\r\n\t\t\t\t\t<h3 class=\"masonry-title\"><a href=\"\/wp-content\/uploads\/2017\/05\/doc92.pdf\"  rel=\"\"  title=\"Nro. 92 (Septiembre 2012). Horacio L. P. Piffano. \u00abEquilibrio Individual y Equilibrio General en Presencia de Bienes P\u00fablicos con Funciones de Utilidad Altruistas: Una Reformulaci\u00f3n de las Condiciones Samuelsonianas\u00bb.\" target=\"_blank\" >Nro. 92 (Septiembre 2012). Horacio L. P. Piffano. \u00abEquilibrio Individual y Equilibrio General en Presencia de Bienes P\u00fablicos con Funciones de Utilidad Altruistas: Una Reformulaci\u00f3n de las Condiciones Samuelsonianas\u00bb.<\/a><\/h3>\r\n\t\t\t\t\r\n\t\r\n\t\t<span class=\"post-meta\">\r\n\t\t\t<i class=\"for-sticky fa fa-exclamation\"><\/i><i class=\"fa fa-link\"><\/i>\r\n\t\t\t<em>29 mayo, 2017<\/em>\t\t<\/span>\t\t\t\t\t\r\n\t\t<div class=\"clear\"><\/div>\r\n\t\r\n\t<\/div><!--end post-content-->\r\n\t\r\n<\/article><!-- #post -->\r\n<article id=\"post-2016\" class=\"post post-masonry post-2016 type-post status-publish format-link hentry category-serie-documentos-de-trabajo post_format-post-format-link\">\r\n\r\n\t<div class=\"post-content format-link\">\r\n\t\t\t\t\t<h3 class=\"masonry-title\"><a href=\"\/wp-content\/uploads\/2017\/05\/doc91.pdf\"  rel=\"\"  title=\"Nro. 91 (Abril 2012). Sebasti\u00e1n Auguste, Ricardo Bebczuk y Ramiro Moyai. \u00abThe Demand for Mortgages under Macro Volatility: The Argentine Case\u00bb.\" target=\"_blank\" >Nro. 91 (Abril 2012). Sebasti\u00e1n Auguste, Ricardo Bebczuk y Ramiro Moyai. \u00abThe Demand for Mortgages under Macro Volatility: The Argentine Case\u00bb.<\/a><\/h3>\r\n\t\t\t\t\r\n\t\r\n\t\t<span class=\"post-meta\">\r\n\t\t\t<i class=\"for-sticky fa fa-exclamation\"><\/i><i class=\"fa fa-link\"><\/i>\r\n\t\t\t<em>29 mayo, 2017<\/em>\t\t<\/span>\t\t\t\t\t\r\n\t\t<div class=\"clear\"><\/div>\r\n\t\r\n\t<\/div><!--end post-content-->\r\n\t\r\n<\/article><!-- #post -->\r\n<article id=\"post-2014\" class=\"post post-masonry post-2014 type-post status-publish format-link hentry category-serie-documentos-de-trabajo post_format-post-format-link\">\r\n\r\n\t<div class=\"post-content format-link\">\r\n\t\t\t\t\t<h3 class=\"masonry-title\"><a href=\"\/wp-content\/uploads\/2017\/05\/doc90.pdf\"  rel=\"\"  title=\"Nro. 90 (Octubre 2011). Adriana Conconi. \u00abPobreza Multidimensional en Argentina: Ampliando las Medidas Tradicionales de Pobreza por Ingreso y NBI\u00bb.\" target=\"_blank\" >Nro. 90 (Octubre 2011). Adriana Conconi. \u00abPobreza Multidimensional en Argentina: Ampliando las Medidas Tradicionales de Pobreza por Ingreso y NBI\u00bb.<\/a><\/h3>\r\n\t\t\t\t\r\n\t\r\n\t\t<span class=\"post-meta\">\r\n\t\t\t<i class=\"for-sticky fa fa-exclamation\"><\/i><i class=\"fa fa-link\"><\/i>\r\n\t\t\t<em>29 mayo, 2017<\/em>\t\t<\/span>\t\t\t\t\t\r\n\t\t<div class=\"clear\"><\/div>\r\n\t\r\n\t<\/div><!--end post-content-->\r\n\t\r\n<\/article><!-- #post -->\r\n<article id=\"post-2012\" class=\"post post-masonry post-2012 type-post status-publish format-link hentry category-serie-documentos-de-trabajo post_format-post-format-link\">\r\n\r\n\t<div class=\"post-content format-link\">\r\n\t\t\t\t\t<h3 class=\"masonry-title\"><a href=\"\/wp-content\/uploads\/2017\/05\/doc89.pdf\"  rel=\"\"  title=\"Nro. 89 (Septiembre 2011). Ricardo Bebczuk, Alberto Musalem y Mar\u00eda Luisa Streb. \u00abSuggesting Guidelines for Public Pension Funds Governance\u00bb.\" target=\"_blank\" >Nro. 89 (Septiembre 2011). Ricardo Bebczuk, Alberto Musalem y Mar\u00eda Luisa Streb. \u00abSuggesting Guidelines for Public Pension Funds Governance\u00bb.<\/a><\/h3>\r\n\t\t\t\t\r\n\t\r\n\t\t<span class=\"post-meta\">\r\n\t\t\t<i class=\"for-sticky fa fa-exclamation\"><\/i><i class=\"fa fa-link\"><\/i>\r\n\t\t\t<em>29 mayo, 2017<\/em>\t\t<\/span>\t\t\t\t\t\r\n\t\t<div class=\"clear\"><\/div>\r\n\t\r\n\t<\/div><!--end post-content-->\r\n\t\r\n<\/article><!-- #post -->\r\n<article id=\"post-2010\" class=\"post post-masonry post-2010 type-post status-publish format-link hentry category-serie-documentos-de-trabajo post_format-post-format-link\">\r\n\r\n\t<div class=\"post-content format-link\">\r\n\t\t\t\t\t<h3 class=\"masonry-title\"><a href=\"\/wp-content\/uploads\/2017\/05\/doc88.pdf\"  rel=\"\"  title=\"Nro. 88 (Agosto 2011). Andr\u00e9s Ham Gonzalez. \u00abLa Calidad de Vida en los Barrios de Buenos Aires: Estimaciones Hed\u00f3nicas de la Valuaci\u00f3n de los Amenities Urbano y su Distribuci\u00f3n Espacial\u00bb.\" target=\"_blank\" >Nro. 88 (Agosto 2011). Andr\u00e9s Ham Gonzalez. \u00abLa Calidad de Vida en los Barrios de Buenos Aires: Estimaciones Hed\u00f3nicas de la Valuaci\u00f3n de los Amenities Urbano y su Distribuci\u00f3n Espacial\u00bb.<\/a><\/h3>\r\n\t\t\t\t\r\n\t\r\n\t\t<span class=\"post-meta\">\r\n\t\t\t<i class=\"for-sticky fa fa-exclamation\"><\/i><i class=\"fa fa-link\"><\/i>\r\n\t\t\t<em>29 mayo, 2017<\/em>\t\t<\/span>\t\t\t\t\t\r\n\t\t<div class=\"clear\"><\/div>\r\n\t\r\n\t<\/div><!--end post-content-->\r\n\t\r\n<\/article><!-- #post -->\r\n<article id=\"post-2008\" class=\"post post-masonry post-2008 type-post status-publish format-link hentry category-serie-documentos-de-trabajo post_format-post-format-link\">\r\n\r\n\t<div class=\"post-content format-link\">\r\n\t\t\t\t\t<h3 class=\"masonry-title\"><a href=\"\/wp-content\/uploads\/2017\/05\/doc87.pdf\"  rel=\"\"  title=\"Nro. 87 (Julio 2011). Agust\u00edn L\u00f3dola y Rafael Brigo. \u00abDiagn\u00f3stico Socioecon\u00f3mico de La Plata y sus Centros Comunales\u00bb.\" target=\"_blank\" >Nro. 87 (Julio 2011). Agust\u00edn L\u00f3dola y Rafael Brigo. \u00abDiagn\u00f3stico Socioecon\u00f3mico de La Plata y sus Centros Comunales\u00bb.<\/a><\/h3>\r\n\t\t\t\t\r\n\t\r\n\t\t<span class=\"post-meta\">\r\n\t\t\t<i class=\"for-sticky fa fa-exclamation\"><\/i><i class=\"fa fa-link\"><\/i>\r\n\t\t\t<em>29 mayo, 2017<\/em>\t\t<\/span>\t\t\t\t\t\r\n\t\t<div class=\"clear\"><\/div>\r\n\t\r\n\t<\/div><!--end post-content-->\r\n\t\r\n<\/article><!-- #post -->\r\n<article id=\"post-2006\" class=\"post post-masonry post-2006 type-post status-publish format-link hentry category-serie-documentos-de-trabajo post_format-post-format-link\">\r\n\r\n\t<div class=\"post-content format-link\">\r\n\t\t\t\t\t<h3 class=\"masonry-title\"><a href=\"\/wp-content\/uploads\/2017\/05\/doc86.pdf\"  rel=\"\"  title=\"Nro. 86 (Junio 2011). Juan Ignacio Zoloa. \u00abLos Cambios en la Distribuci\u00f3n del Ingreso de Argentina entre 1998 Y 2005: Un An\u00e1lisis de Microdescomposiciones Utilizando Informaci\u00f3n de Paneles\u00bb.\" target=\"_blank\" >Nro. 86 (Junio 2011). Juan Ignacio Zoloa. \u00abLos Cambios en la Distribuci\u00f3n del Ingreso de Argentina entre 1998 Y 2005: Un An\u00e1lisis de Microdescomposiciones Utilizando Informaci\u00f3n de Paneles\u00bb.<\/a><\/h3>\r\n\t\t\t\t\r\n\t\r\n\t\t<span class=\"post-meta\">\r\n\t\t\t<i class=\"for-sticky fa fa-exclamation\"><\/i><i class=\"fa fa-link\"><\/i>\r\n\t\t\t<em>29 mayo, 2017<\/em>\t\t<\/span>\t\t\t\t\t\r\n\t\t<div class=\"clear\"><\/div>\r\n\t\r\n\t<\/div><!--end post-content-->\r\n\t\r\n<\/article><!-- #post -->\r\n<article id=\"post-2004\" class=\"post post-masonry post-2004 type-post status-publish format-link hentry category-serie-documentos-de-trabajo post_format-post-format-link\">\r\n\r\n\t<div class=\"post-content format-link\">\r\n\t\t\t\t\t<h3 class=\"masonry-title\"><a href=\"\/wp-content\/uploads\/2017\/05\/doc85.pdf\"  rel=\"\"  title=\"Nro. 85 (Mayo 2011). Ricardo Bebczuk y Arturo J. Galindo. \u00abCorporate Leverage, the Cost of Capital, and the Financial Crisis in Latin America\u00bb.\" target=\"_blank\" >Nro. 85 (Mayo 2011). Ricardo Bebczuk y Arturo J. Galindo. \u00abCorporate Leverage, the Cost of Capital, and the Financial Crisis in Latin America\u00bb.<\/a><\/h3>\r\n\t\t\t\t\r\n\t\r\n\t\t<span class=\"post-meta\">\r\n\t\t\t<i class=\"for-sticky fa fa-exclamation\"><\/i><i class=\"fa fa-link\"><\/i>\r\n\t\t\t<em>29 mayo, 2017<\/em>\t\t<\/span>\t\t\t\t\t\r\n\t\t<div class=\"clear\"><\/div>\r\n\t\r\n\t<\/div><!--end post-content-->\r\n\t\r\n<\/article><!-- #post -->\r\n<article id=\"post-2002\" class=\"post post-masonry post-2002 type-post status-publish format-link hentry category-serie-documentos-de-trabajo post_format-post-format-link\">\r\n\r\n\t<div class=\"post-content format-link\">\r\n\t\t\t\t\t<h3 class=\"masonry-title\"><a href=\"\/wp-content\/uploads\/2017\/05\/doc84.pdf\"  rel=\"\"  title=\"Nro. 84 (Abril 2011). Mart\u00edn Guzm\u00e1n y Mart\u00edn Fiszbein. \u00abUn Marco para el An\u00e1lisis de los Procesos Macroecon\u00f3micos en la obra de Prebisch\u00bb.\" target=\"_blank\" >Nro. 84 (Abril 2011). Mart\u00edn Guzm\u00e1n y Mart\u00edn Fiszbein. \u00abUn Marco para el An\u00e1lisis de los Procesos Macroecon\u00f3micos en la obra de Prebisch\u00bb.<\/a><\/h3>\r\n\t\t\t\t\r\n\t\r\n\t\t<span class=\"post-meta\">\r\n\t\t\t<i class=\"for-sticky fa fa-exclamation\"><\/i><i class=\"fa fa-link\"><\/i>\r\n\t\t\t<em>29 mayo, 2017<\/em>\t\t<\/span>\t\t\t\t\t\r\n\t\t<div class=\"clear\"><\/div>\r\n\t\r\n\t<\/div><!--end post-content-->\r\n\t\r\n<\/article><!-- #post -->\r\n<article id=\"post-2000\" class=\"post post-masonry post-2000 type-post status-publish format-link hentry category-serie-documentos-de-trabajo post_format-post-format-link\">\r\n\r\n\t<div class=\"post-content format-link\">\r\n\t\t\t\t\t<h3 class=\"masonry-title\"><a href=\"\/wp-content\/uploads\/2017\/05\/doc83.pdf\"  rel=\"\"  title=\"Nro. 83 (Marzo 2011). Joaqu\u00edn Enzo Caporale. \u00abEvaluaci\u00f3n Socioecon\u00f3mica del Tratamiento de la Diabetes Tipo 2 en la Argentina. Un An\u00e1lisis de Costo-Efectividad\u00bb.\" target=\"_blank\" >Nro. 83 (Marzo 2011). Joaqu\u00edn Enzo Caporale. \u00abEvaluaci\u00f3n Socioecon\u00f3mica del Tratamiento de la Diabetes Tipo 2 en la Argentina. Un An\u00e1lisis de Costo-Efectividad\u00bb.<\/a><\/h3>\r\n\t\t\t\t\r\n\t\r\n\t\t<span class=\"post-meta\">\r\n\t\t\t<i class=\"for-sticky fa fa-exclamation\"><\/i><i class=\"fa fa-link\"><\/i>\r\n\t\t\t<em>29 mayo, 2017<\/em>\t\t<\/span>\t\t\t\t\t\r\n\t\t<div class=\"clear\"><\/div>\r\n\t\r\n\t<\/div><!--end post-content-->\r\n\t\r\n<\/article><!-- #post -->\r\n<article id=\"post-1998\" class=\"post post-masonry post-1998 type-post status-publish format-link hentry category-serie-documentos-de-trabajo post_format-post-format-link\">\r\n\r\n\t<div class=\"post-content format-link\">\r\n\t\t\t\t\t<h3 class=\"masonry-title\"><a href=\"\/wp-content\/uploads\/2017\/05\/doc82.pdf\"  rel=\"\"  title=\"Nro. 82 (Febrero 2011). Diego Bastourre, Luis Casanova y Alejo Espora. \u00abTipo de Cambio Real y Crecimiento: S\u00edntesis de la Evidencia y Agenda de Investigaci\u00f3n\u00bb.\" target=\"_blank\" >Nro. 82 (Febrero 2011). Diego Bastourre, Luis Casanova y Alejo Espora. \u00abTipo de Cambio Real y Crecimiento: S\u00edntesis de la Evidencia y Agenda de Investigaci\u00f3n\u00bb.<\/a><\/h3>\r\n\t\t\t\t\r\n\t\r\n\t\t<span class=\"post-meta\">\r\n\t\t\t<i class=\"for-sticky fa fa-exclamation\"><\/i><i class=\"fa fa-link\"><\/i>\r\n\t\t\t<em>29 mayo, 2017<\/em>\t\t<\/span>\t\t\t\t\t\r\n\t\t<div class=\"clear\"><\/div>\r\n\t\r\n\t<\/div><!--end post-content-->\r\n\t\r\n<\/article><!-- #post -->\r\n<article id=\"post-1996\" class=\"post post-masonry post-1996 type-post status-publish format-link hentry category-serie-documentos-de-trabajo post_format-post-format-link\">\r\n\r\n\t<div class=\"post-content format-link\">\r\n\t\t\t\t\t<h3 class=\"masonry-title\"><a href=\"\/wp-content\/uploads\/2017\/05\/doc81.pdf\"  rel=\"\"  title=\"Nro. 81 (Diciembre 2010). Leopoldo Tornarolli. \u00abMovilidad Laboral e Informalidad: La Situaci\u00f3n Argentina en el Per\u00edodo 1998-2006\u00bb.\" target=\"_blank\" >Nro. 81 (Diciembre 2010). Leopoldo Tornarolli. \u00abMovilidad Laboral e Informalidad: La Situaci\u00f3n Argentina en el Per\u00edodo 1998-2006\u00bb.<\/a><\/h3>\r\n\t\t\t\t\r\n\t\r\n\t\t<span class=\"post-meta\">\r\n\t\t\t<i class=\"for-sticky fa fa-exclamation\"><\/i><i class=\"fa fa-link\"><\/i>\r\n\t\t\t<em>29 mayo, 2017<\/em>\t\t<\/span>\t\t\t\t\t\r\n\t\t<div class=\"clear\"><\/div>\r\n\t\r\n\t<\/div><!--end post-content-->\r\n\t\r\n<\/article><!-- #post -->\r\n<article id=\"post-1994\" class=\"post post-masonry post-1994 type-post status-publish format-link hentry category-serie-documentos-de-trabajo post_format-post-format-link\">\r\n\r\n\t<div class=\"post-content format-link\">\r\n\t\t\t\t\t<h3 class=\"masonry-title\"><a href=\"\/wp-content\/uploads\/2017\/05\/doc80.pdf\"  rel=\"\"  title=\"Nro. 80 (Noviembre 2010). Francisco Haimovich. \u00abDistribucion del Ingreso en Am\u00e9rica Latina: Caracterizaci\u00f3n de las Diferencias entre Pa\u00edses\u00bb.\" target=\"_blank\" >Nro. 80 (Noviembre 2010). Francisco Haimovich. \u00abDistribucion del Ingreso en Am\u00e9rica Latina: Caracterizaci\u00f3n de las Diferencias entre Pa\u00edses\u00bb.<\/a><\/h3>\r\n\t\t\t\t\r\n\t\r\n\t\t<span class=\"post-meta\">\r\n\t\t\t<i class=\"for-sticky fa fa-exclamation\"><\/i><i class=\"fa fa-link\"><\/i>\r\n\t\t\t<em>29 mayo, 2017<\/em>\t\t<\/span>\t\t\t\t\t\r\n\t\t<div class=\"clear\"><\/div>\r\n\t\r\n\t<\/div><!--end post-content-->\r\n\t\r\n<\/article><!-- #post -->\r\n<article id=\"post-1992\" class=\"post post-masonry post-1992 type-post status-publish format-link hentry category-serie-documentos-de-trabajo post_format-post-format-link\">\r\n\r\n\t<div class=\"post-content format-link\">\r\n\t\t\t\t\t<h3 class=\"masonry-title\"><a href=\"\/wp-content\/uploads\/2017\/05\/doc79.pdf\"  rel=\"\"  title=\"Nro. 79 (Septiembre 2010). Ricardo N. Bebczuk. \u00abThe Financial Impact of the IDB\u2019s Liquidity Program for Growth Sustainability\u00bb.\" target=\"_blank\" >Nro. 79 (Septiembre 2010). Ricardo N. Bebczuk. \u00abThe Financial Impact of the IDB\u2019s Liquidity Program for Growth Sustainability\u00bb.<\/a><\/h3>\r\n\t\t\t\t\r\n\t\r\n\t\t<span class=\"post-meta\">\r\n\t\t\t<i class=\"for-sticky fa fa-exclamation\"><\/i><i class=\"fa fa-link\"><\/i>\r\n\t\t\t<em>29 mayo, 2017<\/em>\t\t<\/span>\t\t\t\t\t\r\n\t\t<div class=\"clear\"><\/div>\r\n\t\r\n\t<\/div><!--end post-content-->\r\n\t\r\n<\/article><!-- #post -->\r\n<article id=\"post-1990\" class=\"post post-masonry post-1990 type-post status-publish format-link hentry category-serie-documentos-de-trabajo post_format-post-format-link\">\r\n\r\n\t<div class=\"post-content format-link\">\r\n\t\t\t\t\t<h3 class=\"masonry-title\"><a href=\"\/wp-content\/uploads\/2017\/05\/doc78.pdf\"  rel=\"\"  title=\"Nro. 78 (Agosto 2010). Horacio L. P. Piffano. \u00ab\u00bfEs posible un Acuerdo Fiscal Federal Sustentable sin una Reforma del Sistema Tributario Federal?\u00bb\" target=\"_blank\" >Nro. 78 (Agosto 2010). Horacio L. P. Piffano. \u00ab\u00bfEs posible un Acuerdo Fiscal Federal Sustentable sin una Reforma del Sistema Tributario Federal?\u00bb<\/a><\/h3>\r\n\t\t\t\t\r\n\t\r\n\t\t<span class=\"post-meta\">\r\n\t\t\t<i class=\"for-sticky fa fa-exclamation\"><\/i><i class=\"fa fa-link\"><\/i>\r\n\t\t\t<em>29 mayo, 2017<\/em>\t\t<\/span>\t\t\t\t\t\r\n\t\t<div class=\"clear\"><\/div>\r\n\t\r\n\t<\/div><!--end post-content-->\r\n\t\r\n<\/article><!-- #post -->\r\n<article id=\"post-1988\" class=\"post post-masonry post-1988 type-post status-publish format-link hentry category-serie-documentos-de-trabajo post_format-post-format-link\">\r\n\r\n\t<div class=\"post-content format-link\">\r\n\t\t\t\t\t<h3 class=\"masonry-title\"><a href=\"\/wp-content\/uploads\/2017\/05\/doc77_eng.pdf\"  rel=\"\"  title=\"Nro. 77 (Abril 2010). Horacio L. P. Piffano. \u00abTaxation on Rural Sector: Tax Burden, Land Value and Property Right\u00bb.\" target=\"_blank\" >Nro. 77 (Abril 2010). Horacio L. P. Piffano. \u00abTaxation on Rural Sector: Tax Burden, Land Value and Property Right\u00bb.<\/a><\/h3>\r\n\t\t\t\t\r\n\t\r\n\t\t<span class=\"post-meta\">\r\n\t\t\t<i class=\"for-sticky fa fa-exclamation\"><\/i><i class=\"fa fa-link\"><\/i>\r\n\t\t\t<em>29 mayo, 2017<\/em>\t\t<\/span>\t\t\t\t\t\r\n\t\t<div class=\"clear\"><\/div>\r\n\t\r\n\t<\/div><!--end post-content-->\r\n\t\r\n<\/article><!-- #post -->\r\n<article id=\"post-1986\" class=\"post post-masonry post-1986 type-post status-publish format-link hentry category-serie-documentos-de-trabajo post_format-post-format-link\">\r\n\r\n\t<div class=\"post-content format-link\">\r\n\t\t\t\t\t<h3 class=\"masonry-title\"><a href=\"\/wp-content\/uploads\/2017\/05\/doc77.pdf\"  rel=\"\"  title=\"Nro. 77 (Noviembre 2009). Horacio L. P. Piffano. \u00abImposici\u00f3n al Sector Rural: Presi\u00f3n Tributaria, Valor de la Tierra y Derecho de Propiedad\u00bb.\" target=\"_blank\" >Nro. 77 (Noviembre 2009). Horacio L. P. Piffano. \u00abImposici\u00f3n al Sector Rural: Presi\u00f3n Tributaria, Valor de la Tierra y Derecho de Propiedad\u00bb.<\/a><\/h3>\r\n\t\t\t\t\r\n\t\r\n\t\t<span class=\"post-meta\">\r\n\t\t\t<i class=\"for-sticky fa fa-exclamation\"><\/i><i class=\"fa fa-link\"><\/i>\r\n\t\t\t<em>29 mayo, 2017<\/em>\t\t<\/span>\t\t\t\t\t\r\n\t\t<div class=\"clear\"><\/div>\r\n\t\r\n\t<\/div><!--end post-content-->\r\n\t\r\n<\/article><!-- #post -->\r\n<article id=\"post-1984\" class=\"post post-masonry post-1984 type-post status-publish format-link hentry category-serie-documentos-de-trabajo post_format-post-format-link\">\r\n\r\n\t<div class=\"post-content format-link\">\r\n\t\t\t\t\t<h3 class=\"masonry-title\"><a href=\"\/wp-content\/uploads\/2017\/05\/doc76.pdf\"  rel=\"\"  title=\"Nro. 76 (Noviembre 2009). Horacio L. P. Piffano. \u00abEl Dilema de Condorcet &#8211; el Problema de la Votaci\u00f3n por Mayor\u00eda Simple de Duncan Black &#8211; la Paradoja de Kenneth Arrow &#8211; y el Manejo de Agenda\u00bb.\" target=\"_blank\" >Nro. 76 (Noviembre 2009). Horacio L. P. Piffano. \u00abEl Dilema de Condorcet &#8211; el Problema de la Votaci\u00f3n por Mayor\u00eda Simple de Duncan Black &#8211; la Paradoja de Kenneth Arrow &#8211; y el Manejo de Agenda\u00bb.<\/a><\/h3>\r\n\t\t\t\t\r\n\t\r\n\t\t<span class=\"post-meta\">\r\n\t\t\t<i class=\"for-sticky fa fa-exclamation\"><\/i><i class=\"fa fa-link\"><\/i>\r\n\t\t\t<em>29 mayo, 2017<\/em>\t\t<\/span>\t\t\t\t\t\r\n\t\t<div class=\"clear\"><\/div>\r\n\t\r\n\t<\/div><!--end post-content-->\r\n\t\r\n<\/article><!-- #post -->\r\n<article id=\"post-1982\" class=\"post post-masonry post-1982 type-post status-publish format-link hentry category-serie-documentos-de-trabajo post_format-post-format-link\">\r\n\r\n\t<div class=\"post-content format-link\">\r\n\t\t\t\t\t<h3 class=\"masonry-title\"><a href=\"\/wp-content\/uploads\/2017\/05\/doc75.pdf\"  rel=\"\"  title=\"Nro. 75 (Agosto 2008). Marcelo Garriga y Walter Rosales. \u00abEfectos Asignativos, Distributivos y Fiscales de las Retenciones a las Exportaciones\u00bb.\" target=\"_blank\" >Nro. 75 (Agosto 2008). Marcelo Garriga y Walter Rosales. \u00abEfectos Asignativos, Distributivos y Fiscales de las Retenciones a las Exportaciones\u00bb.<\/a><\/h3>\r\n\t\t\t\t\r\n\t\r\n\t\t<span class=\"post-meta\">\r\n\t\t\t<i class=\"for-sticky fa fa-exclamation\"><\/i><i class=\"fa fa-link\"><\/i>\r\n\t\t\t<em>29 mayo, 2017<\/em>\t\t<\/span>\t\t\t\t\t\r\n\t\t<div class=\"clear\"><\/div>\r\n\t\r\n\t<\/div><!--end post-content-->\r\n\t\r\n<\/article><!-- #post -->\r\n<article id=\"post-1980\" class=\"post post-masonry post-1980 type-post status-publish format-link hentry category-serie-documentos-de-trabajo post_format-post-format-link\">\r\n\r\n\t<div class=\"post-content format-link\">\r\n\t\t\t\t\t<h3 class=\"masonry-title\"><a href=\"\/wp-content\/uploads\/2017\/05\/doc74.pdf\"  rel=\"\"  title=\"Nro. 74 (Julio 2008). Leonardo Gasparini y Alberto Porto. \u00abUn Juego Sobre la Coparticipacion Federal de Impuestos\u00bb.\" target=\"_blank\" >Nro. 74 (Julio 2008). Leonardo Gasparini y Alberto Porto. \u00abUn Juego Sobre la Coparticipacion Federal de Impuestos\u00bb.<\/a><\/h3>\r\n\t\t\t\t\r\n\t\r\n\t\t<span class=\"post-meta\">\r\n\t\t\t<i class=\"for-sticky fa fa-exclamation\"><\/i><i class=\"fa fa-link\"><\/i>\r\n\t\t\t<em>29 mayo, 2017<\/em>\t\t<\/span>\t\t\t\t\t\r\n\t\t<div class=\"clear\"><\/div>\r\n\t\r\n\t<\/div><!--end post-content-->\r\n\t\r\n<\/article><!-- #post -->\r\n<article id=\"post-1978\" class=\"post post-masonry post-1978 type-post status-publish format-link hentry category-serie-documentos-de-trabajo post_format-post-format-link\">\r\n\r\n\t<div class=\"post-content format-link\">\r\n\t\t\t\t\t<h3 class=\"masonry-title\"><a href=\"\/wp-content\/uploads\/2017\/05\/doc73.pdf\"  rel=\"\"  title=\"Nro. 73 (Noviembre 2007). Alberto Porto y Luciano Di Gresia. \u00abEl Resultado Fiscal de las Provincias: \u00bfEx\u00f3geno o End\u00f3geno? Una Mirada de Mediano Plazo\u00bb.\" target=\"_blank\" >Nro. 73 (Noviembre 2007). Alberto Porto y Luciano Di Gresia. \u00abEl Resultado Fiscal de las Provincias: \u00bfEx\u00f3geno o End\u00f3geno? Una Mirada de Mediano Plazo\u00bb.<\/a><\/h3>\r\n\t\t\t\t\r\n\t\r\n\t\t<span class=\"post-meta\">\r\n\t\t\t<i class=\"for-sticky fa fa-exclamation\"><\/i><i class=\"fa fa-link\"><\/i>\r\n\t\t\t<em>29 mayo, 2017<\/em>\t\t<\/span>\t\t\t\t\t\r\n\t\t<div class=\"clear\"><\/div>\r\n\t\r\n\t<\/div><!--end post-content-->\r\n\t\r\n<\/article><!-- #post -->\r\n<article id=\"post-1976\" class=\"post post-masonry post-1976 type-post status-publish format-link hentry category-serie-documentos-de-trabajo post_format-post-format-link\">\r\n\r\n\t<div class=\"post-content format-link\">\r\n\t\t\t\t\t<h3 class=\"masonry-title\"><a href=\"\/wp-content\/uploads\/2017\/05\/doc72.pdf\"  rel=\"\"  title=\"Nro. 72 (Mayo 2008). Diego Bastourre. \u00abInversores Financieros en los Mercados de Commodities: Un Modelo con Din\u00e1mica de Ajuste no Lineal al Equilibrio\u00bb.\" target=\"_blank\" >Nro. 72 (Mayo 2008). Diego Bastourre. \u00abInversores Financieros en los Mercados de Commodities: Un Modelo con Din\u00e1mica de Ajuste no Lineal al Equilibrio\u00bb.<\/a><\/h3>\r\n\t\t\t\t\r\n\t\r\n\t\t<span class=\"post-meta\">\r\n\t\t\t<i class=\"for-sticky fa fa-exclamation\"><\/i><i class=\"fa fa-link\"><\/i>\r\n\t\t\t<em>29 mayo, 2017<\/em>\t\t<\/span>\t\t\t\t\t\r\n\t\t<div class=\"clear\"><\/div>\r\n\t\r\n\t<\/div><!--end post-content-->\r\n\t\r\n<\/article><!-- #post -->\r\n<article id=\"post-1974\" class=\"post post-masonry post-1974 type-post status-publish format-link hentry category-serie-documentos-de-trabajo post_format-post-format-link\">\r\n\r\n\t<div class=\"post-content format-link\">\r\n\t\t\t\t\t<h3 class=\"masonry-title\"><a href=\"\/wp-content\/uploads\/2017\/05\/doc71.pdf\"  rel=\"\"  title=\"Nro. 71 (Marzo 2008). Alberto Porto. \u00ab(I) El Funcionamiento del Federalismo Fiscal Argentino. (II) Nota sobre el Financiamiento de las Municipalidades y la \u201cTasa De Abasto\u201d\u00bb.\" target=\"_blank\" >Nro. 71 (Marzo 2008). Alberto Porto. \u00ab(I) El Funcionamiento del Federalismo Fiscal Argentino. (II) Nota sobre el Financiamiento de las Municipalidades y la \u201cTasa De Abasto\u201d\u00bb.<\/a><\/h3>\r\n\t\t\t\t\r\n\t\r\n\t\t<span class=\"post-meta\">\r\n\t\t\t<i class=\"for-sticky fa fa-exclamation\"><\/i><i class=\"fa fa-link\"><\/i>\r\n\t\t\t<em>29 mayo, 2017<\/em>\t\t<\/span>\t\t\t\t\t\r\n\t\t<div class=\"clear\"><\/div>\r\n\t\r\n\t<\/div><!--end post-content-->\r\n\t\r\n<\/article><!-- #post -->\r\n<article id=\"post-1972\" class=\"post post-masonry post-1972 type-post status-publish format-link hentry category-serie-documentos-de-trabajo post_format-post-format-link\">\r\n\r\n\t<div class=\"post-content format-link\">\r\n\t\t\t\t\t<h3 class=\"masonry-title\"><a href=\"\/wp-content\/uploads\/2017\/05\/doc70.pdf\"  rel=\"\"  title=\"Nro. 70 (Junio 2007). Horacio L. P. Piffano. \u00abLa Incidencia del IVA, las Retenciones y las Mediciones de la Presi\u00f3n Tributaria en el Sector de Exportables: El Caso del Sector Agropecuario\u00bb.\" target=\"_blank\" >Nro. 70 (Junio 2007). Horacio L. P. Piffano. \u00abLa Incidencia del IVA, las Retenciones y las Mediciones de la Presi\u00f3n Tributaria en el Sector de Exportables: El Caso del Sector Agropecuario\u00bb.<\/a><\/h3>\r\n\t\t\t\t\r\n\t\r\n\t\t<span class=\"post-meta\">\r\n\t\t\t<i class=\"for-sticky fa fa-exclamation\"><\/i><i class=\"fa fa-link\"><\/i>\r\n\t\t\t<em>29 mayo, 2017<\/em>\t\t<\/span>\t\t\t\t\t\r\n\t\t<div class=\"clear\"><\/div>\r\n\t\r\n\t<\/div><!--end post-content-->\r\n\t\r\n<\/article><!-- #post -->\r\n<article id=\"post-1970\" class=\"post post-masonry post-1970 type-post status-publish format-link hentry category-serie-documentos-de-trabajo post_format-post-format-link\">\r\n\r\n\t<div class=\"post-content format-link\">\r\n\t\t\t\t\t<h3 class=\"masonry-title\"><a href=\"\/wp-content\/uploads\/2017\/05\/doc70_eng.pdf\"  rel=\"\"  title=\"Nro. 70 (Junio 2007). Horacio L. P. Piffano. \u00abVAT Incidence, Tax on Exports and the Measurement of Tax Burden on Tradable Goods: the Agricultural Sector Case\u00bb.\" target=\"_blank\" >Nro. 70 (Junio 2007). Horacio L. P. Piffano. \u00abVAT Incidence, Tax on Exports and the Measurement of Tax Burden on Tradable Goods: the Agricultural Sector Case\u00bb.<\/a><\/h3>\r\n\t\t\t\t\r\n\t\r\n\t\t<span class=\"post-meta\">\r\n\t\t\t<i class=\"for-sticky fa fa-exclamation\"><\/i><i class=\"fa fa-link\"><\/i>\r\n\t\t\t<em>29 mayo, 2017<\/em>\t\t<\/span>\t\t\t\t\t\r\n\t\t<div class=\"clear\"><\/div>\r\n\t\r\n\t<\/div><!--end post-content-->\r\n\t\r\n<\/article><!-- #post -->\r\n<article id=\"post-1968\" class=\"post post-masonry post-1968 type-post status-publish format-link hentry category-serie-documentos-de-trabajo post_format-post-format-link\">\r\n\r\n\t<div class=\"post-content format-link\">\r\n\t\t\t\t\t<h3 class=\"masonry-title\"><a href=\"\/wp-content\/uploads\/2017\/05\/doc69.pdf\"  rel=\"\"  title=\"Nro. 69 (Mayo 2007). Horacio L. P. Piffano. \u00abArmonizaci\u00f3n Fiscal e Imposici\u00f3n Subnacional a las Ventas \u2013 Impuesto Estadual \/ Provincial al Valor Agregado versus Impuesto Estadual \/ Provincial a las Ventas Minoristas\u00bb.\" target=\"_blank\" >Nro. 69 (Mayo 2007). Horacio L. P. Piffano. \u00abArmonizaci\u00f3n Fiscal e Imposici\u00f3n Subnacional a las Ventas \u2013 Impuesto Estadual \/ Provincial al Valor Agregado versus Impuesto Estadual \/ Provincial a las Ventas Minoristas\u00bb.<\/a><\/h3>\r\n\t\t\t\t\r\n\t\r\n\t\t<span class=\"post-meta\">\r\n\t\t\t<i class=\"for-sticky fa fa-exclamation\"><\/i><i class=\"fa fa-link\"><\/i>\r\n\t\t\t<em>29 mayo, 2017<\/em>\t\t<\/span>\t\t\t\t\t\r\n\t\t<div class=\"clear\"><\/div>\r\n\t\r\n\t<\/div><!--end post-content-->\r\n\t\r\n<\/article><!-- #post -->\r\n<article id=\"post-1966\" class=\"post post-masonry post-1966 type-post status-publish format-link hentry category-serie-documentos-de-trabajo post_format-post-format-link\">\r\n\r\n\t<div class=\"post-content format-link\">\r\n\t\t\t\t\t<h3 class=\"masonry-title\"><a href=\"\/wp-content\/uploads\/2017\/05\/doc69_eng.pdf\"  rel=\"\"  title=\"Nro. 69 (Mayo 2007). Horacio L. P. Piffano. \u00abArgentina and Brazil: Fiscal Harmonization and Subnational Sales Taxation \u2013 State \/ Provincial VAT versus State \/ Provincial Retail Sales Tax\u00bb.\" target=\"_blank\" >Nro. 69 (Mayo 2007). Horacio L. P. Piffano. \u00abArgentina and Brazil: Fiscal Harmonization and Subnational Sales Taxation \u2013 State \/ Provincial VAT versus State \/ Provincial Retail Sales Tax\u00bb.<\/a><\/h3>\r\n\t\t\t\t\r\n\t\r\n\t\t<span class=\"post-meta\">\r\n\t\t\t<i class=\"for-sticky fa fa-exclamation\"><\/i><i class=\"fa fa-link\"><\/i>\r\n\t\t\t<em>29 mayo, 2017<\/em>\t\t<\/span>\t\t\t\t\t\r\n\t\t<div class=\"clear\"><\/div>\r\n\t\r\n\t<\/div><!--end post-content-->\r\n\t\r\n<\/article><!-- #post -->\r\n<article id=\"post-1964\" class=\"post post-masonry post-1964 type-post status-publish format-link hentry category-serie-documentos-de-trabajo post_format-post-format-link\">\r\n\r\n\t<div class=\"post-content format-link\">\r\n\t\t\t\t\t<h3 class=\"masonry-title\"><a href=\"\/wp-content\/uploads\/2017\/05\/doc68.pdf\"  rel=\"\"  title=\"Nro. 68 (Abril 2007). Horacio L. P. Piffano. \u00abLa Presi\u00f3n sobre los Gobiernos Subnacionales y la Reformulaci\u00f3n del Sistema Tributario Federal\u00bb.\" target=\"_blank\" >Nro. 68 (Abril 2007). Horacio L. P. Piffano. \u00abLa Presi\u00f3n sobre los Gobiernos Subnacionales y la Reformulaci\u00f3n del Sistema Tributario Federal\u00bb.<\/a><\/h3>\r\n\t\t\t\t\r\n\t\r\n\t\t<span class=\"post-meta\">\r\n\t\t\t<i class=\"for-sticky fa fa-exclamation\"><\/i><i class=\"fa fa-link\"><\/i>\r\n\t\t\t<em>29 mayo, 2017<\/em>\t\t<\/span>\t\t\t\t\t\r\n\t\t<div class=\"clear\"><\/div>\r\n\t\r\n\t<\/div><!--end post-content-->\r\n\t\r\n<\/article><!-- #post -->\r\n<article id=\"post-1962\" class=\"post post-masonry post-1962 type-post status-publish format-link hentry category-serie-documentos-de-trabajo post_format-post-format-link\">\r\n\r\n\t<div class=\"post-content format-link\">\r\n\t\t\t\t\t<h3 class=\"masonry-title\"><a href=\"\/wp-content\/uploads\/2017\/05\/doc67.pdf\"  rel=\"\"  title=\"Nro. 67 (Abril 2007). Horacio L. P. Piffano. \u00abLos Grandes Dilemas de la Cuesti\u00f3n Fiscal Federal y los Consensos Acad\u00e9micos y Pol\u00edticos\u00bb.\" target=\"_blank\" >Nro. 67 (Abril 2007). Horacio L. P. Piffano. \u00abLos Grandes Dilemas de la Cuesti\u00f3n Fiscal Federal y los Consensos Acad\u00e9micos y Pol\u00edticos\u00bb.<\/a><\/h3>\r\n\t\t\t\t\r\n\t\r\n\t\t<span class=\"post-meta\">\r\n\t\t\t<i class=\"for-sticky fa fa-exclamation\"><\/i><i class=\"fa fa-link\"><\/i>\r\n\t\t\t<em>29 mayo, 2017<\/em>\t\t<\/span>\t\t\t\t\t\r\n\t\t<div class=\"clear\"><\/div>\r\n\t\r\n\t<\/div><!--end post-content-->\r\n\t\r\n<\/article><!-- #post -->\r\n<article id=\"post-1960\" class=\"post post-masonry post-1960 type-post status-publish format-link hentry category-serie-documentos-de-trabajo post_format-post-format-link\">\r\n\r\n\t<div class=\"post-content format-link\">\r\n\t\t\t\t\t<h3 class=\"masonry-title\"><a href=\"\/wp-content\/uploads\/2017\/05\/doc66.pdf\"  rel=\"\"  title=\"Nro. 66 (Noviembre 2006). Diego N. Moccero. \u00abThe Intertemporal Approach to the Current Account: Evidence from Argentina\u00bb.\" target=\"_blank\" >Nro. 66 (Noviembre 2006). Diego N. Moccero. \u00abThe Intertemporal Approach to the Current Account: Evidence from Argentina\u00bb.<\/a><\/h3>\r\n\t\t\t\t\r\n\t\r\n\t\t<span class=\"post-meta\">\r\n\t\t\t<i class=\"for-sticky fa fa-exclamation\"><\/i><i class=\"fa fa-link\"><\/i>\r\n\t\t\t<em>29 mayo, 2017<\/em>\t\t<\/span>\t\t\t\t\t\r\n\t\t<div class=\"clear\"><\/div>\r\n\t\r\n\t<\/div><!--end post-content-->\r\n\t\r\n<\/article><!-- #post -->\r\n<article id=\"post-1958\" class=\"post post-masonry post-1958 type-post status-publish format-link hentry category-serie-documentos-de-trabajo post_format-post-format-link\">\r\n\r\n\t<div class=\"post-content format-link\">\r\n\t\t\t\t\t<h3 class=\"masonry-title\"><a href=\"\/wp-content\/uploads\/2017\/05\/doc65.pdf\"  rel=\"\"  title=\"Nro. 65 (Octubre 2006). Ricardo N. Bebczuk y N. Daniel Berrettoni. \u00abExplaining Export Diversification: An Empirical Analysis\u00bb.\" target=\"_blank\" >Nro. 65 (Octubre 2006). Ricardo N. Bebczuk y N. Daniel Berrettoni. \u00abExplaining Export Diversification: An Empirical Analysis\u00bb.<\/a><\/h3>\r\n\t\t\t\t\r\n\t\r\n\t\t<span class=\"post-meta\">\r\n\t\t\t<i class=\"for-sticky fa fa-exclamation\"><\/i><i class=\"fa fa-link\"><\/i>\r\n\t\t\t<em>29 mayo, 2017<\/em>\t\t<\/span>\t\t\t\t\t\r\n\t\t<div class=\"clear\"><\/div>\r\n\t\r\n\t<\/div><!--end post-content-->\r\n\t\r\n<\/article><!-- #post -->\r\n<article id=\"post-1956\" class=\"post post-masonry post-1956 type-post status-publish format-link hentry category-serie-documentos-de-trabajo post_format-post-format-link\">\r\n\r\n\t<div class=\"post-content format-link\">\r\n\t\t\t\t\t<h3 class=\"masonry-title\"><a href=\"\/wp-content\/uploads\/2017\/05\/doc64.pdf\"  rel=\"\"  title=\"Nro. 64 (Septiembre 2006). Ricardo Bebczuk, Arturo Galindo y Ugo Panizza. \u00abAn Evaluation of the Contractionary Devaluation Hypothesis\u00bb.\" target=\"_blank\" >Nro. 64 (Septiembre 2006). Ricardo Bebczuk, Arturo Galindo y Ugo Panizza. \u00abAn Evaluation of the Contractionary Devaluation Hypothesis\u00bb.<\/a><\/h3>\r\n\t\t\t\t\r\n\t\r\n\t\t<span class=\"post-meta\">\r\n\t\t\t<i class=\"for-sticky fa fa-exclamation\"><\/i><i class=\"fa fa-link\"><\/i>\r\n\t\t\t<em>29 mayo, 2017<\/em>\t\t<\/span>\t\t\t\t\t\r\n\t\t<div class=\"clear\"><\/div>\r\n\t\r\n\t<\/div><!--end post-content-->\r\n\t\r\n<\/article><!-- #post -->\r\n<article id=\"post-1954\" class=\"post post-masonry post-1954 type-post status-publish format-link hentry category-serie-documentos-de-trabajo post_format-post-format-link\">\r\n\r\n\t<div class=\"post-content format-link\">\r\n\t\t\t\t\t<h3 class=\"masonry-title\"><a href=\"\/wp-content\/uploads\/2017\/05\/doc63.pdf\"  rel=\"\"  title=\"Nro. 63 (Septiembre 2006). Hern\u00e1n Pablo Llosas. \u00abReformas Recientes en el Sistema Presupuestario de los Estados Unidos de Norteam\u00e9rica\u00bb.\" target=\"_blank\" >Nro. 63 (Septiembre 2006). Hern\u00e1n Pablo Llosas. \u00abReformas Recientes en el Sistema Presupuestario de los Estados Unidos de Norteam\u00e9rica\u00bb.<\/a><\/h3>\r\n\t\t\t\t\r\n\t\r\n\t\t<span class=\"post-meta\">\r\n\t\t\t<i class=\"for-sticky fa fa-exclamation\"><\/i><i class=\"fa fa-link\"><\/i>\r\n\t\t\t<em>29 mayo, 2017<\/em>\t\t<\/span>\t\t\t\t\t\r\n\t\t<div class=\"clear\"><\/div>\r\n\t\r\n\t<\/div><!--end post-content-->\r\n\t\r\n<\/article><!-- #post -->\r\n<article id=\"post-1952\" class=\"post post-masonry post-1952 type-post status-publish format-link hentry category-serie-documentos-de-trabajo post_format-post-format-link\">\r\n\r\n\t<div class=\"post-content format-link\">\r\n\t\t\t\t\t<h3 class=\"masonry-title\"><a href=\"\/wp-content\/uploads\/2017\/05\/doc62.pdf\"  rel=\"\"  title=\"Nro. 62 (Agosto 2006). Hern\u00e1n Pablo Llosas. \u00abUn grande de las Finanzas P\u00fablicas, Luigi Einaudi\u00bb.\" target=\"_blank\" >Nro. 62 (Agosto 2006). Hern\u00e1n Pablo Llosas. \u00abUn grande de las Finanzas P\u00fablicas, Luigi Einaudi\u00bb.<\/a><\/h3>\r\n\t\t\t\t\r\n\t\r\n\t\t<span class=\"post-meta\">\r\n\t\t\t<i class=\"for-sticky fa fa-exclamation\"><\/i><i class=\"fa fa-link\"><\/i>\r\n\t\t\t<em>29 mayo, 2017<\/em>\t\t<\/span>\t\t\t\t\t\r\n\t\t<div class=\"clear\"><\/div>\r\n\t\r\n\t<\/div><!--end post-content-->\r\n\t\r\n<\/article><!-- #post -->\r\n<article id=\"post-1950\" class=\"post post-masonry post-1950 type-post status-publish format-link hentry category-serie-documentos-de-trabajo post_format-post-format-link\">\r\n\r\n\t<div class=\"post-content format-link\">\r\n\t\t\t\t\t<h3 class=\"masonry-title\"><a href=\"\/wp-content\/uploads\/2017\/05\/doc61.pdf\"  rel=\"\"  title=\"Nro. 61 (Mayo 2006). Ricardo N. Bebczuk y Alberto R. Musalem. \u00abPensions and Saving: New International Panel Data Evidence\u00bb.\" target=\"_blank\" >Nro. 61 (Mayo 2006). Ricardo N. Bebczuk y Alberto R. Musalem. \u00abPensions and Saving: New International Panel Data Evidence\u00bb.<\/a><\/h3>\r\n\t\t\t\t\r\n\t\r\n\t\t<span class=\"post-meta\">\r\n\t\t\t<i class=\"for-sticky fa fa-exclamation\"><\/i><i class=\"fa fa-link\"><\/i>\r\n\t\t\t<em>29 mayo, 2017<\/em>\t\t<\/span>\t\t\t\t\t\r\n\t\t<div class=\"clear\"><\/div>\r\n\t\r\n\t<\/div><!--end post-content-->\r\n\t\r\n<\/article><!-- #post -->\r\n<article id=\"post-1948\" class=\"post post-masonry post-1948 type-post status-publish format-link hentry category-serie-documentos-de-trabajo post_format-post-format-link\">\r\n\r\n\t<div class=\"post-content format-link\">\r\n\t\t\t\t\t<h3 class=\"masonry-title\"><a href=\"\/wp-content\/uploads\/2017\/05\/doc60.pdf\"  rel=\"\"  title=\"Nro. 60 (Septiembre 2005). Ricardo Bebczuk y Arturo Galindo. \u00abFinancial Crisis and Sectoral Diversification of Argentine Banks, 1999-2004\u00bb.\" target=\"_blank\" >Nro. 60 (Septiembre 2005). Ricardo Bebczuk y Arturo Galindo. \u00abFinancial Crisis and Sectoral Diversification of Argentine Banks, 1999-2004\u00bb.<\/a><\/h3>\r\n\t\t\t\t\r\n\t\r\n\t\t<span class=\"post-meta\">\r\n\t\t\t<i class=\"for-sticky fa fa-exclamation\"><\/i><i class=\"fa fa-link\"><\/i>\r\n\t\t\t<em>29 mayo, 2017<\/em>\t\t<\/span>\t\t\t\t\t\r\n\t\t<div class=\"clear\"><\/div>\r\n\t\r\n\t<\/div><!--end post-content-->\r\n\t\r\n<\/article><!-- #post -->\r\n<article id=\"post-1946\" class=\"post post-masonry post-1946 type-post status-publish format-link hentry category-serie-documentos-de-trabajo post_format-post-format-link\">\r\n\r\n\t<div class=\"post-content format-link\">\r\n\t\t\t\t\t<h3 class=\"masonry-title\"><a href=\"\/wp-content\/uploads\/2017\/05\/doc59.pdf\"  rel=\"\"  title=\"Nro. 59 (Junio 2005). Ricardo N. Bebczuk. \u00abCorporate Governance and Ownership: Measurement and Impact on Corporate Performance and Dividend Policies in Argentina\u00bb.\" target=\"_blank\" >Nro. 59 (Junio 2005). Ricardo N. Bebczuk. \u00abCorporate Governance and Ownership: Measurement and Impact on Corporate Performance and Dividend Policies in Argentina\u00bb.<\/a><\/h3>\r\n\t\t\t\t\r\n\t\r\n\t\t<span class=\"post-meta\">\r\n\t\t\t<i class=\"for-sticky fa fa-exclamation\"><\/i><i class=\"fa fa-link\"><\/i>\r\n\t\t\t<em>29 mayo, 2017<\/em>\t\t<\/span>\t\t\t\t\t\r\n\t\t<div class=\"clear\"><\/div>\r\n\t\r\n\t<\/div><!--end post-content-->\r\n\t\r\n<\/article><!-- #post -->\r\n<article id=\"post-1944\" class=\"post post-masonry post-1944 type-post status-publish format-link hentry category-serie-documentos-de-trabajo post_format-post-format-link\">\r\n\r\n\t<div class=\"post-content format-link\">\r\n\t\t\t\t\t<h3 class=\"masonry-title\"><a href=\"\/wp-content\/uploads\/2017\/05\/doc58.pdf\"  rel=\"\"  title=\"Nro. 58 (Junio 2005). Julieta Albano. \u00abDeterminantes de la Matr\u00edcula Universitaria: Una Aplicaci\u00f3n de la Teor\u00eda del Capital Humano al Caso Argentino\u00bb.\" target=\"_blank\" >Nro. 58 (Junio 2005). Julieta Albano. \u00abDeterminantes de la Matr\u00edcula Universitaria: Una Aplicaci\u00f3n de la Teor\u00eda del Capital Humano al Caso Argentino\u00bb.<\/a><\/h3>\r\n\t\t\t\t\r\n\t\r\n\t\t<span class=\"post-meta\">\r\n\t\t\t<i class=\"for-sticky fa fa-exclamation\"><\/i><i class=\"fa fa-link\"><\/i>\r\n\t\t\t<em>29 mayo, 2017<\/em>\t\t<\/span>\t\t\t\t\t\r\n\t\t<div class=\"clear\"><\/div>\r\n\t\r\n\t<\/div><!--end post-content-->\r\n\t\r\n<\/article><!-- #post -->\r\n<article id=\"post-1942\" class=\"post post-masonry post-1942 type-post status-publish format-link hentry category-serie-documentos-de-trabajo post_format-post-format-link\">\r\n\r\n\t<div class=\"post-content format-link\">\r\n\t\t\t\t\t<h3 class=\"masonry-title\"><a href=\"\/wp-content\/uploads\/2017\/05\/doc57.pdf\"  rel=\"\"  title=\"Nro. 57 (Octubre 2004). Alberto Porto. \u00abFinanzas P\u00fablicas Locales en la Argentina\u00bb.\" target=\"_blank\" >Nro. 57 (Octubre 2004). Alberto Porto. \u00abFinanzas P\u00fablicas Locales en la Argentina\u00bb.<\/a><\/h3>\r\n\t\t\t\t\r\n\t\r\n\t\t<span class=\"post-meta\">\r\n\t\t\t<i class=\"for-sticky fa fa-exclamation\"><\/i><i class=\"fa fa-link\"><\/i>\r\n\t\t\t<em>29 mayo, 2017<\/em>\t\t<\/span>\t\t\t\t\t\r\n\t\t<div class=\"clear\"><\/div>\r\n\t\r\n\t<\/div><!--end post-content-->\r\n\t\r\n<\/article><!-- #post -->\r\n<article id=\"post-1940\" class=\"post post-masonry post-1940 type-post status-publish format-link hentry category-serie-documentos-de-trabajo post_format-post-format-link\">\r\n\r\n\t<div class=\"post-content format-link\">\r\n\t\t\t\t\t<h3 class=\"masonry-title\"><a href=\"\/wp-content\/uploads\/2017\/05\/doc56.pdf\"  rel=\"\"  title=\"Nro. 56 (Octubre 2004). Evelyn Vezza. \u00abPoder de Mercado en las Profesiones Autorreguladas: El Desempe\u00f1o M\u00e9dico en Argentina\u00bb.\" target=\"_blank\" >Nro. 56 (Octubre 2004). Evelyn Vezza. \u00abPoder de Mercado en las Profesiones Autorreguladas: El Desempe\u00f1o M\u00e9dico en Argentina\u00bb.<\/a><\/h3>\r\n\t\t\t\t\r\n\t\r\n\t\t<span class=\"post-meta\">\r\n\t\t\t<i class=\"for-sticky fa fa-exclamation\"><\/i><i class=\"fa fa-link\"><\/i>\r\n\t\t\t<em>29 mayo, 2017<\/em>\t\t<\/span>\t\t\t\t\t\r\n\t\t<div class=\"clear\"><\/div>\r\n\t\r\n\t<\/div><!--end post-content-->\r\n\t\r\n<\/article><!-- #post -->\r\n<article id=\"post-1938\" class=\"post post-masonry post-1938 type-post status-publish format-link hentry category-serie-documentos-de-trabajo post_format-post-format-link\">\r\n\r\n\t<div class=\"post-content format-link\">\r\n\t\t\t\t\t<h3 class=\"masonry-title\"><a href=\"\/wp-content\/uploads\/2017\/05\/doc55.pdf\"  rel=\"\"  title=\"Nro. 55 (Septiembre 2004). Federico H. Gutierrez. \u00abDin\u00e1mica salarial y ocupacional An\u00e1lisis de panel para Argentina 1998-2002\u00bb.\" target=\"_blank\" >Nro. 55 (Septiembre 2004). Federico H. Gutierrez. \u00abDin\u00e1mica salarial y ocupacional An\u00e1lisis de panel para Argentina 1998-2002\u00bb.<\/a><\/h3>\r\n\t\t\t\t\r\n\t\r\n\t\t<span class=\"post-meta\">\r\n\t\t\t<i class=\"for-sticky fa fa-exclamation\"><\/i><i class=\"fa fa-link\"><\/i>\r\n\t\t\t<em>29 mayo, 2017<\/em>\t\t<\/span>\t\t\t\t\t\r\n\t\t<div class=\"clear\"><\/div>\r\n\t\r\n\t<\/div><!--end post-content-->\r\n\t\r\n<\/article><!-- #post -->\r\n<article id=\"post-1936\" class=\"post post-masonry post-1936 type-post status-publish format-link hentry category-serie-documentos-de-trabajo post_format-post-format-link\">\r\n\r\n\t<div class=\"post-content format-link\">\r\n\t\t\t\t\t<h3 class=\"masonry-title\"><a href=\"\/wp-content\/uploads\/2017\/05\/doc54.pdf\"  rel=\"\"  title=\"Nro. 54 (Agosto 2005). Huberto M. Ennis. \u00abComplementariedades y Pol\u00edtica Macroecon\u00f3mica\u00bb.\" target=\"_blank\" >Nro. 54 (Agosto 2005). Huberto M. Ennis. \u00abComplementariedades y Pol\u00edtica Macroecon\u00f3mica\u00bb.<\/a><\/h3>\r\n\t\t\t\t\r\n\t\r\n\t\t<span class=\"post-meta\">\r\n\t\t\t<i class=\"for-sticky fa fa-exclamation\"><\/i><i class=\"fa fa-link\"><\/i>\r\n\t\t\t<em>29 mayo, 2017<\/em>\t\t<\/span>\t\t\t\t\t\r\n\t\t<div class=\"clear\"><\/div>\r\n\t\r\n\t<\/div><!--end post-content-->\r\n\t\r\n<\/article><!-- #post -->\r\n<article id=\"post-1934\" class=\"post post-masonry post-1934 type-post status-publish format-link hentry category-serie-documentos-de-trabajo post_format-post-format-link\">\r\n\r\n\t<div class=\"post-content format-link\">\r\n\t\t\t\t\t<h3 class=\"masonry-title\"><a href=\"\/wp-content\/uploads\/2017\/05\/doc53.pdf\"  rel=\"\"  title=\"Nro. 53 (Julio 2004). Federico Cerimedo. \u00abDuraci\u00f3n del Desempleo y Ciclo Econ\u00f3mico en la Argentina\u00bb.\" target=\"_blank\" >Nro. 53 (Julio 2004). Federico Cerimedo. \u00abDuraci\u00f3n del Desempleo y Ciclo Econ\u00f3mico en la Argentina\u00bb.<\/a><\/h3>\r\n\t\t\t\t\r\n\t\r\n\t\t<span class=\"post-meta\">\r\n\t\t\t<i class=\"for-sticky fa fa-exclamation\"><\/i><i class=\"fa fa-link\"><\/i>\r\n\t\t\t<em>29 mayo, 2017<\/em>\t\t<\/span>\t\t\t\t\t\r\n\t\t<div class=\"clear\"><\/div>\r\n\t\r\n\t<\/div><!--end post-content-->\r\n\t\r\n<\/article><!-- #post -->\r\n<article id=\"post-1932\" class=\"post post-masonry post-1932 type-post status-publish format-link hentry category-serie-documentos-de-trabajo post_format-post-format-link\">\r\n\r\n\t<div class=\"post-content format-link\">\r\n\t\t\t\t\t<h3 class=\"masonry-title\"><a href=\"\/wp-content\/uploads\/2017\/05\/doc52.pdf\"  rel=\"\"  title=\"Nro. 52 (Junio 2004). Mar\u00eda Victoria Fazio. \u00abIncidencia de las Horas Trabajadas en el Rendimiento Acad\u00e9mico de Estudiantes Universitarios Argentinos\u00bb.\" target=\"_blank\" >Nro. 52 (Junio 2004). Mar\u00eda Victoria Fazio. \u00abIncidencia de las Horas Trabajadas en el Rendimiento Acad\u00e9mico de Estudiantes Universitarios Argentinos\u00bb.<\/a><\/h3>\r\n\t\t\t\t\r\n\t\r\n\t\t<span class=\"post-meta\">\r\n\t\t\t<i class=\"for-sticky fa fa-exclamation\"><\/i><i class=\"fa fa-link\"><\/i>\r\n\t\t\t<em>29 mayo, 2017<\/em>\t\t<\/span>\t\t\t\t\t\r\n\t\t<div class=\"clear\"><\/div>\r\n\t\r\n\t<\/div><!--end post-content-->\r\n\t\r\n<\/article><!-- #post -->\r\n<article id=\"post-1930\" class=\"post post-masonry post-1930 type-post status-publish format-link hentry category-serie-documentos-de-trabajo post_format-post-format-link\">\r\n\r\n\t<div class=\"post-content format-link\">\r\n\t\t\t\t\t<h3 class=\"masonry-title\"><a href=\"\/wp-content\/uploads\/2017\/05\/doc51.pdf\"  rel=\"\"  title=\"Nro. 51 (Mayo 2004). Julieta Tr\u00edas. \u00abDeterminantes de la Utilizaci\u00f3n de los Servicios de Salud: El Caso de los Ni\u00f1os en la Argentina\u00bb.\" target=\"_blank\" >Nro. 51 (Mayo 2004). Julieta Tr\u00edas. \u00abDeterminantes de la Utilizaci\u00f3n de los Servicios de Salud: El Caso de los Ni\u00f1os en la Argentina\u00bb.<\/a><\/h3>\r\n\t\t\t\t\r\n\t\r\n\t\t<span class=\"post-meta\">\r\n\t\t\t<i class=\"for-sticky fa fa-exclamation\"><\/i><i class=\"fa fa-link\"><\/i>\r\n\t\t\t<em>29 mayo, 2017<\/em>\t\t<\/span>\t\t\t\t\t\r\n\t\t<div class=\"clear\"><\/div>\r\n\t\r\n\t<\/div><!--end post-content-->\r\n\t\r\n<\/article><!-- #post -->\r\n<article id=\"post-1928\" class=\"post post-masonry post-1928 type-post status-publish format-link hentry category-serie-documentos-de-trabajo post_format-post-format-link\">\r\n\r\n\t<div class=\"post-content format-link\">\r\n\t\t\t\t\t<h3 class=\"masonry-title\"><a href=\"\/wp-content\/uploads\/2017\/05\/doc50.pdf\"  rel=\"\"  title=\"Nro. 50 (Abril 2004). Ricardo N. Bebczuk. \u00abExplaining Dividend Policies in Argentina\u00bb.\" target=\"_blank\" >Nro. 50 (Abril 2004). Ricardo N. Bebczuk. \u00abExplaining Dividend Policies in Argentina\u00bb.<\/a><\/h3>\r\n\t\t\t\t\r\n\t\r\n\t\t<span class=\"post-meta\">\r\n\t\t\t<i class=\"for-sticky fa fa-exclamation\"><\/i><i class=\"fa fa-link\"><\/i>\r\n\t\t\t<em>29 mayo, 2017<\/em>\t\t<\/span>\t\t\t\t\t\r\n\t\t<div class=\"clear\"><\/div>\r\n\t\r\n\t<\/div><!--end post-content-->\r\n\t\r\n<\/article><!-- #post -->\r\n<article id=\"post-1926\" class=\"post post-masonry post-1926 type-post status-publish format-link hentry category-serie-documentos-de-trabajo post_format-post-format-link\">\r\n\r\n\t<div class=\"post-content format-link\">\r\n\t\t\t\t\t<h3 class=\"masonry-title\"><a href=\"\/wp-content\/uploads\/2017\/05\/doc49.pdf\"  rel=\"\"  title=\"Nro. 49 (Marzo 2004). Luciano Di Gresia y Alberto Porto. \u00abDin\u00e1mica del Desempe\u00f1o Acad\u00e9mico\u00bb.\" target=\"_blank\" >Nro. 49 (Marzo 2004). Luciano Di Gresia y Alberto Porto. \u00abDin\u00e1mica del Desempe\u00f1o Acad\u00e9mico\u00bb.<\/a><\/h3>\r\n\t\t\t\t\r\n\t\r\n\t\t<span class=\"post-meta\">\r\n\t\t\t<i class=\"for-sticky fa fa-exclamation\"><\/i><i class=\"fa fa-link\"><\/i>\r\n\t\t\t<em>29 mayo, 2017<\/em>\t\t<\/span>\t\t\t\t\t\r\n\t\t<div class=\"clear\"><\/div>\r\n\t\r\n\t<\/div><!--end post-content-->\r\n\t\r\n<\/article><!-- #post -->\r\n<article id=\"post-1924\" class=\"post post-masonry post-1924 type-post status-publish format-link hentry category-serie-documentos-de-trabajo post_format-post-format-link\">\r\n\r\n\t<div class=\"post-content format-link\">\r\n\t\t\t\t\t<h3 class=\"masonry-title\"><a href=\"\/wp-content\/uploads\/2017\/05\/doc48.pdf\"  rel=\"\"  title=\"Nro. 48 (Febrero 2004). Ricardo N. Bebczuk. \u00abWhat Determines the Access to Credit by SMEs in Argentina?\u00bb.\" target=\"_blank\" >Nro. 48 (Febrero 2004). Ricardo N. Bebczuk. \u00abWhat Determines the Access to Credit by SMEs in Argentina?\u00bb.<\/a><\/h3>\r\n\t\t\t\t\r\n\t\r\n\t\t<span class=\"post-meta\">\r\n\t\t\t<i class=\"for-sticky fa fa-exclamation\"><\/i><i class=\"fa fa-link\"><\/i>\r\n\t\t\t<em>29 mayo, 2017<\/em>\t\t<\/span>\t\t\t\t\t\r\n\t\t<div class=\"clear\"><\/div>\r\n\t\r\n\t<\/div><!--end post-content-->\r\n\t\r\n<\/article><!-- #post -->\r\n<article id=\"post-1922\" class=\"post post-masonry post-1922 type-post status-publish format-link hentry category-serie-documentos-de-trabajo post_format-post-format-link\">\r\n\r\n\t<div class=\"post-content format-link\">\r\n\t\t\t\t\t<h3 class=\"masonry-title\"><a href=\"\/wp-content\/uploads\/2017\/05\/doc47.pdf\"  rel=\"\"  title=\"Nro. 47 (Enero 2003). Juan M. S\u00e1nchez. \u00abUniversitary Financing and Welfare: A Dynamic Analysis with Heterogeneous Agents and Overlapping Generations\u00bb.\" target=\"_blank\" >Nro. 47 (Enero 2003). Juan M. S\u00e1nchez. \u00abUniversitary Financing and Welfare: A Dynamic Analysis with Heterogeneous Agents and Overlapping Generations\u00bb.<\/a><\/h3>\r\n\t\t\t\t\r\n\t\r\n\t\t<span class=\"post-meta\">\r\n\t\t\t<i class=\"for-sticky fa fa-exclamation\"><\/i><i class=\"fa fa-link\"><\/i>\r\n\t\t\t<em>29 mayo, 2017<\/em>\t\t<\/span>\t\t\t\t\t\r\n\t\t<div class=\"clear\"><\/div>\r\n\t\r\n\t<\/div><!--end post-content-->\r\n\t\r\n<\/article><!-- #post -->\r\n<article id=\"post-1920\" class=\"post post-masonry post-1920 type-post status-publish format-link hentry category-serie-documentos-de-trabajo post_format-post-format-link\">\r\n\r\n\t<div class=\"post-content format-link\">\r\n\t\t\t\t\t<h3 class=\"masonry-title\"><a href=\"\/wp-content\/uploads\/2017\/05\/doc46.pdf\"  rel=\"\"  title=\"Nro. 46 (Diciembre 2002). Alberto Porto y Natalia Porto. \u00abDirect Democracy And Tax Exporting: Theory and an Application to the First Referendum (\u00abConsulta Popular\u00bb) in Argentina\u00bb.\" target=\"_blank\" >Nro. 46 (Diciembre 2002). Alberto Porto y Natalia Porto. \u00abDirect Democracy And Tax Exporting: Theory and an Application to the First Referendum (\u00abConsulta Popular\u00bb) in Argentina\u00bb.<\/a><\/h3>\r\n\t\t\t\t\r\n\t\r\n\t\t<span class=\"post-meta\">\r\n\t\t\t<i class=\"for-sticky fa fa-exclamation\"><\/i><i class=\"fa fa-link\"><\/i>\r\n\t\t\t<em>29 mayo, 2017<\/em>\t\t<\/span>\t\t\t\t\t\r\n\t\t<div class=\"clear\"><\/div>\r\n\t\r\n\t<\/div><!--end post-content-->\r\n\t\r\n<\/article><!-- #post -->\r\n<article id=\"post-1918\" class=\"post post-masonry post-1918 type-post status-publish format-link hentry category-serie-documentos-de-trabajo post_format-post-format-link\">\r\n\r\n\t<div class=\"post-content format-link\">\r\n\t\t\t\t\t<h3 class=\"masonry-title\"><a href=\"\/wp-content\/uploads\/2017\/05\/doc45.pdf\"  rel=\"\"  title=\"Nro. 45 (Noviembre 2002). Luciano Di Gresia, Alberto Porto y Laura Ripani. \u00abRendimiento de los Estudiantes de las Universidades P\u00fablicas Argentinas\u00bb.\" target=\"_blank\" >Nro. 45 (Noviembre 2002). Luciano Di Gresia, Alberto Porto y Laura Ripani. \u00abRendimiento de los Estudiantes de las Universidades P\u00fablicas Argentinas\u00bb.<\/a><\/h3>\r\n\t\t\t\t\r\n\t\r\n\t\t<span class=\"post-meta\">\r\n\t\t\t<i class=\"for-sticky fa fa-exclamation\"><\/i><i class=\"fa fa-link\"><\/i>\r\n\t\t\t<em>29 mayo, 2017<\/em>\t\t<\/span>\t\t\t\t\t\r\n\t\t<div class=\"clear\"><\/div>\r\n\t\r\n\t<\/div><!--end post-content-->\r\n\t\r\n<\/article><!-- #post -->\r\n<article id=\"post-1916\" class=\"post post-masonry post-1916 type-post status-publish format-link hentry category-serie-documentos-de-trabajo post_format-post-format-link\">\r\n\r\n\t<div class=\"post-content format-link\">\r\n\t\t\t\t\t<h3 class=\"masonry-title\"><a href=\"\/wp-content\/uploads\/2017\/05\/doc44.pdf\"  rel=\"\"  title=\"Nro. 44 (Octubre 2002). Mariana Marchionni y Leonardo Gasparini. \u00abEl Impacto Distributivo de los Cambios en las Decisiones de Fertilidad\u00bb.\" target=\"_blank\" >Nro. 44 (Octubre 2002). Mariana Marchionni y Leonardo Gasparini. \u00abEl Impacto Distributivo de los Cambios en las Decisiones de Fertilidad\u00bb.<\/a><\/h3>\r\n\t\t\t\t\r\n\t\r\n\t\t<span class=\"post-meta\">\r\n\t\t\t<i class=\"for-sticky fa fa-exclamation\"><\/i><i class=\"fa fa-link\"><\/i>\r\n\t\t\t<em>29 mayo, 2017<\/em>\t\t<\/span>\t\t\t\t\t\r\n\t\t<div class=\"clear\"><\/div>\r\n\t\r\n\t<\/div><!--end post-content-->\r\n\t\r\n<\/article><!-- #post -->\r\n<article id=\"post-1914\" class=\"post post-masonry post-1914 type-post status-publish format-link hentry category-serie-documentos-de-trabajo post_format-post-format-link\">\r\n\r\n\t<div class=\"post-content format-link\">\r\n\t\t\t\t\t<h3 class=\"masonry-title\"><a href=\"\/wp-content\/uploads\/2017\/05\/doc43.pdf\"  rel=\"\"  title=\"Nro. 43 (Septiembre 2002). Ver\u00f3nica Fossati. \u00abDesigualdad y Crecimiento. Un An\u00e1lisis para las Provincias Argentinas\u00bb.\" target=\"_blank\" >Nro. 43 (Septiembre 2002). Ver\u00f3nica Fossati. \u00abDesigualdad y Crecimiento. Un An\u00e1lisis para las Provincias Argentinas\u00bb.<\/a><\/h3>\r\n\t\t\t\t\r\n\t\r\n\t\t<span class=\"post-meta\">\r\n\t\t\t<i class=\"for-sticky fa fa-exclamation\"><\/i><i class=\"fa fa-link\"><\/i>\r\n\t\t\t<em>29 mayo, 2017<\/em>\t\t<\/span>\t\t\t\t\t\r\n\t\t<div class=\"clear\"><\/div>\r\n\t\r\n\t<\/div><!--end post-content-->\r\n\t\r\n<\/article><!-- #post -->\r\n<article id=\"post-1912\" class=\"post post-masonry post-1912 type-post status-publish format-link hentry category-serie-documentos-de-trabajo post_format-post-format-link\">\r\n\r\n\t<div class=\"post-content format-link\">\r\n\t\t\t\t\t<h3 class=\"masonry-title\"><a href=\"\/wp-content\/uploads\/2017\/05\/doc42.pdf\"  rel=\"\"  title=\"Nro. 42 (Agosto 2002). Guillermo Javier V\u00faletin. \u00abReg\u00edmenes Cambiarios y Performance Fiscal \u00bfGeneran los Reg\u00edmenes Fijos Mayor Disciplina que los Flexibles?\u00bb.\" target=\"_blank\" >Nro. 42 (Agosto 2002). Guillermo Javier V\u00faletin. \u00abReg\u00edmenes Cambiarios y Performance Fiscal \u00bfGeneran los Reg\u00edmenes Fijos Mayor Disciplina que los Flexibles?\u00bb.<\/a><\/h3>\r\n\t\t\t\t\r\n\t\r\n\t\t<span class=\"post-meta\">\r\n\t\t\t<i class=\"for-sticky fa fa-exclamation\"><\/i><i class=\"fa fa-link\"><\/i>\r\n\t\t\t<em>29 mayo, 2017<\/em>\t\t<\/span>\t\t\t\t\t\r\n\t\t<div class=\"clear\"><\/div>\r\n\t\r\n\t<\/div><!--end post-content-->\r\n\t\r\n<\/article><!-- #post -->\r\n<article id=\"post-1910\" class=\"post post-masonry post-1910 type-post status-publish format-link hentry category-serie-documentos-de-trabajo post_format-post-format-link\">\r\n\r\n\t<div class=\"post-content format-link\">\r\n\t\t\t\t\t<h3 class=\"masonry-title\"><a href=\"\/wp-content\/uploads\/2017\/05\/doc41.pdf\"  rel=\"\"  title=\"Nro. 41 (Julio 2002). Fernando Gabriel Cuenin. \u00abDiferencias regionales en la distribuci\u00f3n del ingreso: Argentina 1992-2000\u00bb.\" target=\"_blank\" >Nro. 41 (Julio 2002). Fernando Gabriel Cuenin. \u00abDiferencias regionales en la distribuci\u00f3n del ingreso: Argentina 1992-2000\u00bb.<\/a><\/h3>\r\n\t\t\t\t\r\n\t\r\n\t\t<span class=\"post-meta\">\r\n\t\t\t<i class=\"for-sticky fa fa-exclamation\"><\/i><i class=\"fa fa-link\"><\/i>\r\n\t\t\t<em>29 mayo, 2017<\/em>\t\t<\/span>\t\t\t\t\t\r\n\t\t<div class=\"clear\"><\/div>\r\n\t\r\n\t<\/div><!--end post-content-->\r\n\t\r\n<\/article><!-- #post -->\r\n<article id=\"post-1908\" class=\"post post-masonry post-1908 type-post status-publish format-link hentry category-serie-documentos-de-trabajo post_format-post-format-link\">\r\n\r\n\t<div class=\"post-content format-link\">\r\n\t\t\t\t\t<h3 class=\"masonry-title\"><a href=\"\/wp-content\/uploads\/2017\/05\/doc40.pdf\"  rel=\"\"  title=\"Nro. 40 (Junio 2002). Mart\u00edn Cicowiez. \u00abComercio y Desigualdad Salarial en Argentina: Un Enfoque de Equilibrio General Computado\u00bb.\" target=\"_blank\" >Nro. 40 (Junio 2002). Mart\u00edn Cicowiez. \u00abComercio y Desigualdad Salarial en Argentina: Un Enfoque de Equilibrio General Computado\u00bb.<\/a><\/h3>\r\n\t\t\t\t\r\n\t\r\n\t\t<span class=\"post-meta\">\r\n\t\t\t<i class=\"for-sticky fa fa-exclamation\"><\/i><i class=\"fa fa-link\"><\/i>\r\n\t\t\t<em>29 mayo, 2017<\/em>\t\t<\/span>\t\t\t\t\t\r\n\t\t<div class=\"clear\"><\/div>\r\n\t\r\n\t<\/div><!--end post-content-->\r\n\t\r\n<\/article><!-- #post -->\r\n<article id=\"post-1906\" class=\"post post-masonry post-1906 type-post status-publish format-link hentry category-serie-documentos-de-trabajo post_format-post-format-link\">\r\n\r\n\t<div class=\"post-content format-link\">\r\n\t\t\t\t\t<h3 class=\"masonry-title\"><a href=\"\/wp-content\/uploads\/2017\/05\/doc39.pdf\"  rel=\"\"  title=\"Nro. 39 (Mayo 2002). Mar\u00eda Lorena Lobaiza. \u00abPresi\u00f3n Tributaria del Impuesto al Valor Agregado Bajo Distintos Indicadores de Bienestar\u00bb.\" target=\"_blank\" >Nro. 39 (Mayo 2002). Mar\u00eda Lorena Lobaiza. \u00abPresi\u00f3n Tributaria del Impuesto al Valor Agregado Bajo Distintos Indicadores de Bienestar\u00bb.<\/a><\/h3>\r\n\t\t\t\t\r\n\t\r\n\t\t<span class=\"post-meta\">\r\n\t\t\t<i class=\"for-sticky fa fa-exclamation\"><\/i><i class=\"fa fa-link\"><\/i>\r\n\t\t\t<em>29 mayo, 2017<\/em>\t\t<\/span>\t\t\t\t\t\r\n\t\t<div class=\"clear\"><\/div>\r\n\t\r\n\t<\/div><!--end post-content-->\r\n\t\r\n<\/article><!-- #post -->\r\n<article id=\"post-1904\" class=\"post post-masonry post-1904 type-post status-publish format-link hentry category-serie-documentos-de-trabajo post_format-post-format-link\">\r\n\r\n\t<div class=\"post-content format-link\">\r\n\t\t\t\t\t<h3 class=\"masonry-title\"><a href=\"\/wp-content\/uploads\/2017\/05\/doc38.pdf\"  rel=\"\"  title=\"Nro. 38 (Abril 2002). Evelina Bertranou. \u00abDeterminantes del avance en los niveles de educaci\u00f3n en Argentina. An\u00e1lisis emp\u00edrico basado en un modelo probabil\u00edstico secuencial\u00bb.\" target=\"_blank\" >Nro. 38 (Abril 2002). Evelina Bertranou. \u00abDeterminantes del avance en los niveles de educaci\u00f3n en Argentina. An\u00e1lisis emp\u00edrico basado en un modelo probabil\u00edstico secuencial\u00bb.<\/a><\/h3>\r\n\t\t\t\t\r\n\t\r\n\t\t<span class=\"post-meta\">\r\n\t\t\t<i class=\"for-sticky fa fa-exclamation\"><\/i><i class=\"fa fa-link\"><\/i>\r\n\t\t\t<em>29 mayo, 2017<\/em>\t\t<\/span>\t\t\t\t\t\r\n\t\t<div class=\"clear\"><\/div>\r\n\t\r\n\t<\/div><!--end post-content-->\r\n\t\r\n<\/article><!-- #post -->\r\n<article id=\"post-1902\" class=\"post post-masonry post-1902 type-post status-publish format-link hentry category-serie-documentos-de-trabajo post_format-post-format-link\">\r\n\r\n\t<div class=\"post-content format-link\">\r\n\t\t\t\t\t<h3 class=\"masonry-title\"><a href=\"\/wp-content\/uploads\/2017\/05\/doc37.pdf\"  rel=\"\"  title=\"Nro. 37 (Marzo 2002). Paula In\u00e9s Giovagnoli. \u00abDeterminantes de la Deserci\u00f3n y Graduaci\u00f3n Universitaria: Una Aplicaci\u00f3n Utilizando Modelos de Duraci\u00f3n\u00bb.\" target=\"_blank\" >Nro. 37 (Marzo 2002). Paula In\u00e9s Giovagnoli. \u00abDeterminantes de la Deserci\u00f3n y Graduaci\u00f3n Universitaria: Una Aplicaci\u00f3n Utilizando Modelos de Duraci\u00f3n\u00bb.<\/a><\/h3>\r\n\t\t\t\t\r\n\t\r\n\t\t<span class=\"post-meta\">\r\n\t\t\t<i class=\"for-sticky fa fa-exclamation\"><\/i><i class=\"fa fa-link\"><\/i>\r\n\t\t\t<em>29 mayo, 2017<\/em>\t\t<\/span>\t\t\t\t\t\r\n\t\t<div class=\"clear\"><\/div>\r\n\t\r\n\t<\/div><!--end post-content-->\r\n\t\r\n<\/article><!-- #post -->\r\n<article id=\"post-1900\" class=\"post post-masonry post-1900 type-post status-publish format-link hentry category-serie-documentos-de-trabajo post_format-post-format-link\">\r\n\r\n\t<div class=\"post-content format-link\">\r\n\t\t\t\t\t<h3 class=\"masonry-title\"><a href=\"\/wp-content\/uploads\/2017\/05\/doc36.pdf\"  rel=\"\"  title=\"Nro. 36 (Noviembre 2001). Ricardo N. Bebczuk. \u00abPautas para el Dise\u00f1o de un Sistema de Garant\u00eda Estatal de Pr\u00e9stamos para Peque\u00f1as y Medianas Empresas\u00bb.\" target=\"_blank\" >Nro. 36 (Noviembre 2001). Ricardo N. Bebczuk. \u00abPautas para el Dise\u00f1o de un Sistema de Garant\u00eda Estatal de Pr\u00e9stamos para Peque\u00f1as y Medianas Empresas\u00bb.<\/a><\/h3>\r\n\t\t\t\t\r\n\t\r\n\t\t<span class=\"post-meta\">\r\n\t\t\t<i class=\"for-sticky fa fa-exclamation\"><\/i><i class=\"fa fa-link\"><\/i>\r\n\t\t\t<em>29 mayo, 2017<\/em>\t\t<\/span>\t\t\t\t\t\r\n\t\t<div class=\"clear\"><\/div>\r\n\t\r\n\t<\/div><!--end post-content-->\r\n\t\r\n<\/article><!-- #post -->\r\n<article id=\"post-1898\" class=\"post post-masonry post-1898 type-post status-publish format-link hentry category-serie-documentos-de-trabajo post_format-post-format-link\">\r\n\r\n\t<div class=\"post-content format-link\">\r\n\t\t\t\t\t<h3 class=\"masonry-title\"><a href=\"\/wp-content\/uploads\/2017\/05\/doc35.pdf\"  rel=\"\"  title=\"Nro. 35 (Octubre 2001). Andr\u00e9s Loza. \u00abAn\u00e1lisis de la Competitividad del Mercado Primario de leche en Argentina\u00bb.\" target=\"_blank\" >Nro. 35 (Octubre 2001). Andr\u00e9s Loza. \u00abAn\u00e1lisis de la Competitividad del Mercado Primario de leche en Argentina\u00bb.<\/a><\/h3>\r\n\t\t\t\t\r\n\t\r\n\t\t<span class=\"post-meta\">\r\n\t\t\t<i class=\"for-sticky fa fa-exclamation\"><\/i><i class=\"fa fa-link\"><\/i>\r\n\t\t\t<em>29 mayo, 2017<\/em>\t\t<\/span>\t\t\t\t\t\r\n\t\t<div class=\"clear\"><\/div>\r\n\t\r\n\t<\/div><!--end post-content-->\r\n\t\r\n<\/article><!-- #post -->\r\n<article id=\"post-1896\" class=\"post post-masonry post-1896 type-post status-publish format-link hentry category-serie-documentos-de-trabajo post_format-post-format-link\">\r\n\r\n\t<div class=\"post-content format-link\">\r\n\t\t\t\t\t<h3 class=\"masonry-title\"><a href=\"\/wp-content\/uploads\/2017\/05\/doc34.pdf\"  rel=\"\"  title=\"Nro. 34 (Septiembre 2001). Pablo Acosta. \u00abLos Determinantes de la Desigualdad en los Ingresos Laborales: El Rol de las Nuevas Tecnolog\u00edas y la Apertura Comercial\u00bb.\" target=\"_blank\" >Nro. 34 (Septiembre 2001). Pablo Acosta. \u00abLos Determinantes de la Desigualdad en los Ingresos Laborales: El Rol de las Nuevas Tecnolog\u00edas y la Apertura Comercial\u00bb.<\/a><\/h3>\r\n\t\t\t\t\r\n\t\r\n\t\t<span class=\"post-meta\">\r\n\t\t\t<i class=\"for-sticky fa fa-exclamation\"><\/i><i class=\"fa fa-link\"><\/i>\r\n\t\t\t<em>29 mayo, 2017<\/em>\t\t<\/span>\t\t\t\t\t\r\n\t\t<div class=\"clear\"><\/div>\r\n\t\r\n\t<\/div><!--end post-content-->\r\n\t\r\n<\/article><!-- #post -->\r\n<article id=\"post-1894\" class=\"post post-masonry post-1894 type-post status-publish format-link hentry category-serie-documentos-de-trabajo post_format-post-format-link\">\r\n\r\n\t<div class=\"post-content format-link\">\r\n\t\t\t\t\t<h3 class=\"masonry-title\"><a href=\"\/wp-content\/uploads\/2017\/05\/doc33.pdf\"  rel=\"\"  title=\"Nro. 33 (Julio 2001). Diego Margot. \u00abRendimientos a la Educaci\u00f3n en Argentina: Un An\u00e1lisis de Cohortes\u00bb.\" target=\"_blank\" >Nro. 33 (Julio 2001). Diego Margot. \u00abRendimientos a la Educaci\u00f3n en Argentina: Un An\u00e1lisis de Cohortes\u00bb.<\/a><\/h3>\r\n\t\t\t\t\r\n\t\r\n\t\t<span class=\"post-meta\">\r\n\t\t\t<i class=\"for-sticky fa fa-exclamation\"><\/i><i class=\"fa fa-link\"><\/i>\r\n\t\t\t<em>29 mayo, 2017<\/em>\t\t<\/span>\t\t\t\t\t\r\n\t\t<div class=\"clear\"><\/div>\r\n\t\r\n\t<\/div><!--end post-content-->\r\n\t\r\n<\/article><!-- #post -->\r\n<article id=\"post-1892\" class=\"post post-masonry post-1892 type-post status-publish format-link hentry category-serie-documentos-de-trabajo post_format-post-format-link\">\r\n\r\n\t<div class=\"post-content format-link\">\r\n\t\t\t\t\t<h3 class=\"masonry-title\"><a href=\"\/wp-content\/uploads\/2017\/05\/doc32.pdf\"  rel=\"\"  title=\"Nro. 32 (Julio 2001). Ricardo N. Bebczuk y Leonardo Gasparini. \u00abGlobalisation and Inequality. The Case of Argentina\u00bb.\" target=\"_blank\" >Nro. 32 (Julio 2001). Ricardo N. Bebczuk y Leonardo Gasparini. \u00abGlobalisation and Inequality. The Case of Argentina\u00bb.<\/a><\/h3>\r\n\t\t\t\t\r\n\t\r\n\t\t<span class=\"post-meta\">\r\n\t\t\t<i class=\"for-sticky fa fa-exclamation\"><\/i><i class=\"fa fa-link\"><\/i>\r\n\t\t\t<em>29 mayo, 2017<\/em>\t\t<\/span>\t\t\t\t\t\r\n\t\t<div class=\"clear\"><\/div>\r\n\t\r\n\t<\/div><!--end post-content-->\r\n\t\r\n<\/article><!-- #post -->\r\n<article id=\"post-1890\" class=\"post post-masonry post-1890 type-post status-publish format-link hentry category-serie-documentos-de-trabajo post_format-post-format-link\">\r\n\r\n\t<div class=\"post-content format-link\">\r\n\t\t\t\t\t<h3 class=\"masonry-title\"><a href=\"\/wp-content\/uploads\/2017\/05\/doc31.pdf\"  rel=\"\"  title=\"Nro. 31 (Mayo 2001). Diego Nicol\u00e1s Moccero. \u00abEsquemas Cambiarios y Monetarios Alternativos en un Modelo de Interdependencia Macroecon\u00f3mica entre Argentina y Brasil\u00bb.\" target=\"_blank\" >Nro. 31 (Mayo 2001). Diego Nicol\u00e1s Moccero. \u00abEsquemas Cambiarios y Monetarios Alternativos en un Modelo de Interdependencia Macroecon\u00f3mica entre Argentina y Brasil\u00bb.<\/a><\/h3>\r\n\t\t\t\t\r\n\t\r\n\t\t<span class=\"post-meta\">\r\n\t\t\t<i class=\"for-sticky fa fa-exclamation\"><\/i><i class=\"fa fa-link\"><\/i>\r\n\t\t\t<em>29 mayo, 2017<\/em>\t\t<\/span>\t\t\t\t\t\r\n\t\t<div class=\"clear\"><\/div>\r\n\t\r\n\t<\/div><!--end post-content-->\r\n\t\r\n<\/article><!-- #post -->\r\n<article id=\"post-1888\" class=\"post post-masonry post-1888 type-post status-publish format-link hentry category-serie-documentos-de-trabajo post_format-post-format-link\">\r\n\r\n\t<div class=\"post-content format-link\">\r\n\t\t\t\t\t<h3 class=\"masonry-title\"><a href=\"\/wp-content\/uploads\/2017\/05\/doc30.pdf\"  rel=\"\"  title=\"Nro. 30 (Abril 2001). Huberto M. Ennis y Alberto Porto. \u00abIgualdad de Oportunidades e Ingreso a la Universidad P\u00fablica en la Argentina\u00bb.\" target=\"_blank\" >Nro. 30 (Abril 2001). Huberto M. Ennis y Alberto Porto. \u00abIgualdad de Oportunidades e Ingreso a la Universidad P\u00fablica en la Argentina\u00bb.<\/a><\/h3>\r\n\t\t\t\t\r\n\t\r\n\t\t<span class=\"post-meta\">\r\n\t\t\t<i class=\"for-sticky fa fa-exclamation\"><\/i><i class=\"fa fa-link\"><\/i>\r\n\t\t\t<em>29 mayo, 2017<\/em>\t\t<\/span>\t\t\t\t\t\r\n\t\t<div class=\"clear\"><\/div>\r\n\t\r\n\t<\/div><!--end post-content-->\r\n\t\r\n<\/article><!-- #post -->\r\n<article id=\"post-1886\" class=\"post post-masonry post-1886 type-post status-publish format-link hentry category-serie-documentos-de-trabajo post_format-post-format-link\">\r\n\r\n\t<div class=\"post-content format-link\">\r\n\t\t\t\t\t<h3 class=\"masonry-title\"><a href=\"\/wp-content\/uploads\/2017\/05\/doc29.pdf\"  rel=\"\"  title=\"Nro. 29 (Marzo 2001). Walter Sosa Escudero. \u00abA Geometric Representation of the Frisch-Waugh-Lovell Theorem\u00bb.\" target=\"_blank\" >Nro. 29 (Marzo 2001). Walter Sosa Escudero. \u00abA Geometric Representation of the Frisch-Waugh-Lovell Theorem\u00bb.<\/a><\/h3>\r\n\t\t\t\t\r\n\t\r\n\t\t<span class=\"post-meta\">\r\n\t\t\t<i class=\"for-sticky fa fa-exclamation\"><\/i><i class=\"fa fa-link\"><\/i>\r\n\t\t\t<em>29 mayo, 2017<\/em>\t\t<\/span>\t\t\t\t\t\r\n\t\t<div class=\"clear\"><\/div>\r\n\t\r\n\t<\/div><!--end post-content-->\r\n\t\r\n<\/article><!-- #post -->\r\n<article id=\"post-1884\" class=\"post post-masonry post-1884 type-post status-publish format-link hentry category-serie-documentos-de-trabajo post_format-post-format-link\">\r\n\r\n\t<div class=\"post-content format-link\">\r\n\t\t\t\t\t<h3 class=\"masonry-title\"><a href=\"\/wp-content\/uploads\/2017\/05\/doc28.pdf\"  rel=\"\/wp-content\/uploads\/2017\/05\/doc28.pdf\"  title=\"Nro. 28 (Noviembre 2000). El\u00edas Salama. \u00abLa Argentina y el Abandono del Patr\u00f3n Oro\u00bb.\" target=\"_blank\" >Nro. 28 (Noviembre 2000). El\u00edas Salama. \u00abLa Argentina y el Abandono del Patr\u00f3n Oro\u00bb.<\/a><\/h3>\r\n\t\t\t\t\r\n\t\r\n\t\t<span class=\"post-meta\">\r\n\t\t\t<i class=\"for-sticky fa fa-exclamation\"><\/i><i class=\"fa fa-link\"><\/i>\r\n\t\t\t<em>29 mayo, 2017<\/em>\t\t<\/span>\t\t\t\t\t\r\n\t\t<div class=\"clear\"><\/div>\r\n\t\r\n\t<\/div><!--end post-content-->\r\n\t\r\n<\/article><!-- #post -->\r\n<article id=\"post-1882\" class=\"post post-masonry post-1882 type-post status-publish format-link hentry category-serie-documentos-de-trabajo post_format-post-format-link\">\r\n\r\n\t<div class=\"post-content format-link\">\r\n\t\t\t\t\t<h3 class=\"masonry-title\"><a href=\"\/wp-content\/uploads\/2017\/05\/doc27.pdf\"  rel=\"\"  title=\"Nro. 27 (Agosto 2000). Carlos Lamarche y Josefina Posadas. \u00abBienes de Producci\u00f3n Local en la Provincia de Buenos Aires\u00bb.\" target=\"_blank\" >Nro. 27 (Agosto 2000). Carlos Lamarche y Josefina Posadas. \u00abBienes de Producci\u00f3n Local en la Provincia de Buenos Aires\u00bb.<\/a><\/h3>\r\n\t\t\t\t\r\n\t\r\n\t\t<span class=\"post-meta\">\r\n\t\t\t<i class=\"for-sticky fa fa-exclamation\"><\/i><i class=\"fa fa-link\"><\/i>\r\n\t\t\t<em>29 mayo, 2017<\/em>\t\t<\/span>\t\t\t\t\t\r\n\t\t<div class=\"clear\"><\/div>\r\n\t\r\n\t<\/div><!--end post-content-->\r\n\t\r\n<\/article><!-- #post -->\r\n<article id=\"post-1880\" class=\"post post-masonry post-1880 type-post status-publish format-link hentry category-serie-documentos-de-trabajo post_format-post-format-link\">\r\n\r\n\t<div class=\"post-content format-link\">\r\n\t\t\t\t\t<h3 class=\"masonry-title\"><a href=\"\/wp-content\/uploads\/2017\/05\/doc26.pdf\"  rel=\"\"  title=\"Nro. 26 (Agosto 2000). Alberto Porto y Natalia Porto. \u00abInfluencia de las Condiciones Econ\u00f3micas y Fiscales sobre los Resultados Electorales Provinciales y Municipales\u00bb.\" target=\"_blank\" >Nro. 26 (Agosto 2000). Alberto Porto y Natalia Porto. \u00abInfluencia de las Condiciones Econ\u00f3micas y Fiscales sobre los Resultados Electorales Provinciales y Municipales\u00bb.<\/a><\/h3>\r\n\t\t\t\t\r\n\t\r\n\t\t<span class=\"post-meta\">\r\n\t\t\t<i class=\"for-sticky fa fa-exclamation\"><\/i><i class=\"fa fa-link\"><\/i>\r\n\t\t\t<em>29 mayo, 2017<\/em>\t\t<\/span>\t\t\t\t\t\r\n\t\t<div class=\"clear\"><\/div>\r\n\t\r\n\t<\/div><!--end post-content-->\r\n\t\r\n<\/article><!-- #post -->\r\n<article id=\"post-1878\" class=\"post post-masonry post-1878 type-post status-publish format-link hentry category-serie-documentos-de-trabajo post_format-post-format-link\">\r\n\r\n\t<div class=\"post-content format-link\">\r\n\t\t\t\t\t<h3 class=\"masonry-title\"><a href=\"\/wp-content\/uploads\/2017\/05\/doc25.pdf\"  rel=\"\"  title=\"Nro. 25 (Julio 2000). Leonardo Gasparini, Mariana Marchionni y Walter Sosa Escudero. \u00abCharacterization of inequality changes through microeconometric decompositions. The case of Greater Buenos Aires\u00bb.\" target=\"_blank\" >Nro. 25 (Julio 2000). Leonardo Gasparini, Mariana Marchionni y Walter Sosa Escudero. \u00abCharacterization of inequality changes through microeconometric decompositions. The case of Greater Buenos Aires\u00bb.<\/a><\/h3>\r\n\t\t\t\t\r\n\t\r\n\t\t<span class=\"post-meta\">\r\n\t\t\t<i class=\"for-sticky fa fa-exclamation\"><\/i><i class=\"fa fa-link\"><\/i>\r\n\t\t\t<em>29 mayo, 2017<\/em>\t\t<\/span>\t\t\t\t\t\r\n\t\t<div class=\"clear\"><\/div>\r\n\t\r\n\t<\/div><!--end post-content-->\r\n\t\r\n<\/article><!-- #post -->\r\n<article id=\"post-1876\" class=\"post post-masonry post-1876 type-post status-publish format-link hentry category-serie-documentos-de-trabajo post_format-post-format-link\">\r\n\r\n\t<div class=\"post-content format-link\">\r\n\t\t\t\t\t<h3 class=\"masonry-title\"><a href=\"\/wp-content\/uploads\/2017\/05\/doc24.pdf\"  rel=\"\"  title=\"Nro. 24 (Abril 2000). Alberto Porto y Luciano Di Gresia. \u00abCaracter\u00edsticas y Rendimiento de Estudiantes Universitarios. El Caso de la Facultad de Ciencias Econ\u00f3micas de la Universidad Nacional de La Plata\u00bb.\" target=\"_blank\" >Nro. 24 (Abril 2000). Alberto Porto y Luciano Di Gresia. \u00abCaracter\u00edsticas y Rendimiento de Estudiantes Universitarios. El Caso de la Facultad de Ciencias Econ\u00f3micas de la Universidad Nacional de La Plata\u00bb.<\/a><\/h3>\r\n\t\t\t\t\r\n\t\r\n\t\t<span class=\"post-meta\">\r\n\t\t\t<i class=\"for-sticky fa fa-exclamation\"><\/i><i class=\"fa fa-link\"><\/i>\r\n\t\t\t<em>29 mayo, 2017<\/em>\t\t<\/span>\t\t\t\t\t\r\n\t\t<div class=\"clear\"><\/div>\r\n\t\r\n\t<\/div><!--end post-content-->\r\n\t\r\n<\/article><!-- #post -->\r\n<article id=\"post-1874\" class=\"post post-masonry post-1874 type-post status-publish format-link hentry category-serie-documentos-de-trabajo post_format-post-format-link\">\r\n\r\n\t<div class=\"post-content format-link\">\r\n\t\t\t\t\t<h3 class=\"masonry-title\"><a href=\"\/wp-content\/uploads\/2017\/05\/doc23.pdf\"  rel=\"\"  title=\"Nro. 23 (Abril 2000). Christian Volpe Martincus. \u00abIntegraci\u00f3n econ\u00f3mica y localizaci\u00f3n de la actividad productiva: el caso del Mercosur\u00bb.\" target=\"_blank\" >Nro. 23 (Abril 2000). Christian Volpe Martincus. \u00abIntegraci\u00f3n econ\u00f3mica y localizaci\u00f3n de la actividad productiva: el caso del Mercosur\u00bb.<\/a><\/h3>\r\n\t\t\t\t\r\n\t\r\n\t\t<span class=\"post-meta\">\r\n\t\t\t<i class=\"for-sticky fa fa-exclamation\"><\/i><i class=\"fa fa-link\"><\/i>\r\n\t\t\t<em>29 mayo, 2017<\/em>\t\t<\/span>\t\t\t\t\t\r\n\t\t<div class=\"clear\"><\/div>\r\n\t\r\n\t<\/div><!--end post-content-->\r\n\t\r\n<\/article><!-- #post -->\r\n<article id=\"post-1872\" class=\"post post-masonry post-1872 type-post status-publish format-link hentry category-serie-documentos-de-trabajo post_format-post-format-link\">\r\n\r\n\t<div class=\"post-content format-link\">\r\n\t\t\t\t\t<h3 class=\"masonry-title\"><a href=\"\/wp-content\/uploads\/2017\/05\/doc22.pdf\"  rel=\"\"  title=\"Nro. 22 (Marzo 2000). Amil K. Bera, Walter Sosa Escudero and Mann Yoon. \u00abTest for the Error Component Model in the Presence of Local Misspecification\u00bb.\" target=\"_blank\" >Nro. 22 (Marzo 2000). Amil K. Bera, Walter Sosa Escudero and Mann Yoon. \u00abTest for the Error Component Model in the Presence of Local Misspecification\u00bb.<\/a><\/h3>\r\n\t\t\t\t\r\n\t\r\n\t\t<span class=\"post-meta\">\r\n\t\t\t<i class=\"for-sticky fa fa-exclamation\"><\/i><i class=\"fa fa-link\"><\/i>\r\n\t\t\t<em>29 mayo, 2017<\/em>\t\t<\/span>\t\t\t\t\t\r\n\t\t<div class=\"clear\"><\/div>\r\n\t\r\n\t<\/div><!--end post-content-->\r\n\t\r\n<\/article><!-- #post -->\r\n<article id=\"post-1870\" class=\"post post-masonry post-1870 type-post status-publish format-link hentry category-serie-documentos-de-trabajo post_format-post-format-link\">\r\n\r\n\t<div class=\"post-content format-link\">\r\n\t\t\t\t\t<h3 class=\"masonry-title\"><a href=\"\/wp-content\/uploads\/2017\/05\/doc21.pdf\"  rel=\"\"  title=\"Nro. 21 (Marzo 2000). Leonardo Gasparini y Walter Sosa Escudero. \u00abAssessing Aggregate Welfare: Growth and Inequality in Argentina\u00bb.\" target=\"_blank\" >Nro. 21 (Marzo 2000). Leonardo Gasparini y Walter Sosa Escudero. \u00abAssessing Aggregate Welfare: Growth and Inequality in Argentina\u00bb.<\/a><\/h3>\r\n\t\t\t\t\r\n\t\r\n\t\t<span class=\"post-meta\">\r\n\t\t\t<i class=\"for-sticky fa fa-exclamation\"><\/i><i class=\"fa fa-link\"><\/i>\r\n\t\t\t<em>29 mayo, 2017<\/em>\t\t<\/span>\t\t\t\t\t\r\n\t\t<div class=\"clear\"><\/div>\r\n\t\r\n\t<\/div><!--end post-content-->\r\n\t\r\n<\/article><!-- #post -->\r\n<article id=\"post-1868\" class=\"post post-masonry post-1868 type-post status-publish format-link hentry category-serie-documentos-de-trabajo post_format-post-format-link\">\r\n\r\n\t<div class=\"post-content format-link\">\r\n\t\t\t\t\t<h3 class=\"masonry-title\"><a href=\"\/wp-content\/uploads\/2017\/05\/doc20.pdf\"  rel=\"\"  title=\"Nro. 20 (Febrero 2000). Jorge Eduardo Carrera, Mariano F\u00e9liz y Demian Tupac Panigo. \u00abRa\u00edces unitarias y ciclos en las principales variables macroecon\u00f3micas de argentina\u00bb.\" target=\"_blank\" >Nro. 20 (Febrero 2000). Jorge Eduardo Carrera, Mariano F\u00e9liz y Demian Tupac Panigo. \u00abRa\u00edces unitarias y ciclos en las principales variables macroecon\u00f3micas de argentina\u00bb.<\/a><\/h3>\r\n\t\t\t\t\r\n\t\r\n\t\t<span class=\"post-meta\">\r\n\t\t\t<i class=\"for-sticky fa fa-exclamation\"><\/i><i class=\"fa fa-link\"><\/i>\r\n\t\t\t<em>29 mayo, 2017<\/em>\t\t<\/span>\t\t\t\t\t\r\n\t\t<div class=\"clear\"><\/div>\r\n\t\r\n\t<\/div><!--end post-content-->\r\n\t\r\n<\/article><!-- #post -->\r\n<article id=\"post-1866\" class=\"post post-masonry post-1866 type-post status-publish format-link hentry category-serie-documentos-de-trabajo post_format-post-format-link\">\r\n\r\n\t<div class=\"post-content format-link\">\r\n\t\t\t\t\t<h3 class=\"masonry-title\"><a href=\"\/wp-content\/uploads\/2017\/05\/doc19.pdf\"  rel=\"\"  title=\"Nro. 19 (Diciembre 1999). El\u00edas Salama. \u00abLos flujos de oro y el ajuste externo. Argentina 1903-1913\u00bb.\" target=\"_blank\" >Nro. 19 (Diciembre 1999). El\u00edas Salama. \u00abLos flujos de oro y el ajuste externo. Argentina 1903-1913\u00bb.<\/a><\/h3>\r\n\t\t\t\t\r\n\t\r\n\t\t<span class=\"post-meta\">\r\n\t\t\t<i class=\"for-sticky fa fa-exclamation\"><\/i><i class=\"fa fa-link\"><\/i>\r\n\t\t\t<em>29 mayo, 2017<\/em>\t\t<\/span>\t\t\t\t\t\r\n\t\t<div class=\"clear\"><\/div>\r\n\t\r\n\t<\/div><!--end post-content-->\r\n\t\r\n<\/article><!-- #post -->\r\n<article id=\"post-1864\" class=\"post post-masonry post-1864 type-post status-publish format-link hentry category-serie-documentos-de-trabajo post_format-post-format-link\">\r\n\r\n\t<div class=\"post-content format-link\">\r\n\t\t\t\t\t<h3 class=\"masonry-title\"><a href=\"\/wp-content\/uploads\/2017\/05\/doc18.pdf\"  rel=\"\"  title=\"Nro. 18 (Noviembre 1999). Emilio Espino. \u00abA Note On Optimal Insurance in an Information Constrained Federal Economy with Incomplete Degree of Enforceability and Negotiation Costs\u00bb.\" target=\"_blank\" >Nro. 18 (Noviembre 1999). Emilio Espino. \u00abA Note On Optimal Insurance in an Information Constrained Federal Economy with Incomplete Degree of Enforceability and Negotiation Costs\u00bb.<\/a><\/h3>\r\n\t\t\t\t\r\n\t\r\n\t\t<span class=\"post-meta\">\r\n\t\t\t<i class=\"for-sticky fa fa-exclamation\"><\/i><i class=\"fa fa-link\"><\/i>\r\n\t\t\t<em>29 mayo, 2017<\/em>\t\t<\/span>\t\t\t\t\t\r\n\t\t<div class=\"clear\"><\/div>\r\n\t\r\n\t<\/div><!--end post-content-->\r\n\t\r\n<\/article><!-- #post -->\r\n<article id=\"post-1862\" class=\"post post-masonry post-1862 type-post status-publish format-link hentry category-serie-documentos-de-trabajo post_format-post-format-link\">\r\n\r\n\t<div class=\"post-content format-link\">\r\n\t\t\t\t\t<h3 class=\"masonry-title\"><a href=\"\/wp-content\/uploads\/2017\/05\/doc17.pdf\"  rel=\"\"  title=\"Nro. 17 (Octubre 1999). Alberto Porto. \u00abPreguntas y Respuestas sobre Coparticipaci\u00f3n Federal de Impuestos\u00bb\" target=\"_blank\" >Nro. 17 (Octubre 1999). Alberto Porto. \u00abPreguntas y Respuestas sobre Coparticipaci\u00f3n Federal de Impuestos\u00bb<\/a><\/h3>\r\n\t\t\t\t\r\n\t\r\n\t\t<span class=\"post-meta\">\r\n\t\t\t<i class=\"for-sticky fa fa-exclamation\"><\/i><i class=\"fa fa-link\"><\/i>\r\n\t\t\t<em>29 mayo, 2017<\/em>\t\t<\/span>\t\t\t\t\t\r\n\t\t<div class=\"clear\"><\/div>\r\n\t\r\n\t<\/div><!--end post-content-->\r\n\t\r\n<\/article><!-- #post -->\r\n<article id=\"post-1860\" class=\"post post-masonry post-1860 type-post status-publish format-link hentry category-serie-documentos-de-trabajo post_format-post-format-link\">\r\n\r\n\t<div class=\"post-content format-link\">\r\n\t\t\t\t\t<h3 class=\"masonry-title\"><a href=\"\/wp-content\/uploads\/2017\/05\/doc16.pdf\"  rel=\"\"  title=\"Nro. 16 (Agosto 1999). Omar Arias, Kevin F. Hallock y Walter Sosa Escudero. \u00abIndividual Heterogeneity in the Returns to Schooling: Instrumental Variables Quantile Regression using Twins Data\u00bb.\" target=\"_blank\" >Nro. 16 (Agosto 1999). Omar Arias, Kevin F. Hallock y Walter Sosa Escudero. \u00abIndividual Heterogeneity in the Returns to Schooling: Instrumental Variables Quantile Regression using Twins Data\u00bb.<\/a><\/h3>\r\n\t\t\t\t\r\n\t\r\n\t\t<span class=\"post-meta\">\r\n\t\t\t<i class=\"for-sticky fa fa-exclamation\"><\/i><i class=\"fa fa-link\"><\/i>\r\n\t\t\t<em>29 mayo, 2017<\/em>\t\t<\/span>\t\t\t\t\t\r\n\t\t<div class=\"clear\"><\/div>\r\n\t\r\n\t<\/div><!--end post-content-->\r\n\t\r\n<\/article><!-- #post -->\r\n<article id=\"post-1858\" class=\"post post-masonry post-1858 type-post status-publish format-link hentry category-serie-documentos-de-trabajo post_format-post-format-link\">\r\n\r\n\t<div class=\"post-content format-link\">\r\n\t\t\t\t\t<h3 class=\"masonry-title\"><a href=\"\/wp-content\/uploads\/2017\/05\/doc15.pdf\"  rel=\"\"  title=\"Nro. 15 (Julio 1999). Graciana Rucci. \u00abFusiones Horizontales: Un Caso de Aplicaci\u00f3n para la Argentina\u00bb.\" target=\"_blank\" >Nro. 15 (Julio 1999). Graciana Rucci. \u00abFusiones Horizontales: Un Caso de Aplicaci\u00f3n para la Argentina\u00bb.<\/a><\/h3>\r\n\t\t\t\t\r\n\t\r\n\t\t<span class=\"post-meta\">\r\n\t\t\t<i class=\"for-sticky fa fa-exclamation\"><\/i><i class=\"fa fa-link\"><\/i>\r\n\t\t\t<em>29 mayo, 2017<\/em>\t\t<\/span>\t\t\t\t\t\r\n\t\t<div class=\"clear\"><\/div>\r\n\t\r\n\t<\/div><!--end post-content-->\r\n\t\r\n<\/article><!-- #post -->\r\n<article id=\"post-1856\" class=\"post post-masonry post-1856 type-post status-publish format-link hentry category-serie-documentos-de-trabajo post_format-post-format-link\">\r\n\r\n\t<div class=\"post-content format-link\">\r\n\t\t\t\t\t<h3 class=\"masonry-title\"><a href=\"\/wp-content\/uploads\/2017\/05\/doc14.pdf\"  rel=\"\"  title=\"Nro. 14 (Junio 1999). Mar\u00eda Lorena Garegnani. \u00abFinanzas Provinciales y Ciclo Econ\u00f3mico\u00bb.\" target=\"_blank\" >Nro. 14 (Junio 1999). Mar\u00eda Lorena Garegnani. \u00abFinanzas Provinciales y Ciclo Econ\u00f3mico\u00bb.<\/a><\/h3>\r\n\t\t\t\t\r\n\t\r\n\t\t<span class=\"post-meta\">\r\n\t\t\t<i class=\"for-sticky fa fa-exclamation\"><\/i><i class=\"fa fa-link\"><\/i>\r\n\t\t\t<em>29 mayo, 2017<\/em>\t\t<\/span>\t\t\t\t\t\r\n\t\t<div class=\"clear\"><\/div>\r\n\t\r\n\t<\/div><!--end post-content-->\r\n\t\r\n<\/article><!-- #post -->\r\n<article id=\"post-1854\" class=\"post post-masonry post-1854 type-post status-publish format-link hentry category-serie-documentos-de-trabajo post_format-post-format-link\">\r\n\r\n\t<div class=\"post-content format-link\">\r\n\t\t\t\t\t<h3 class=\"masonry-title\"><a href=\"\/wp-content\/uploads\/2017\/05\/doc13.pdf\"  rel=\"\"  title=\"Nro. 13 (Mayo 1999). Luciano Di Gresia. \u00abSimulaci\u00f3n mediante Agentes Econ\u00f3micos Computados\u00bb.\" target=\"_blank\" >Nro. 13 (Mayo 1999). Luciano Di Gresia. \u00abSimulaci\u00f3n mediante Agentes Econ\u00f3micos Computados\u00bb.<\/a><\/h3>\r\n\t\t\t\t\r\n\t\r\n\t\t<span class=\"post-meta\">\r\n\t\t\t<i class=\"for-sticky fa fa-exclamation\"><\/i><i class=\"fa fa-link\"><\/i>\r\n\t\t\t<em>29 mayo, 2017<\/em>\t\t<\/span>\t\t\t\t\t\r\n\t\t<div class=\"clear\"><\/div>\r\n\t\r\n\t<\/div><!--end post-content-->\r\n\t\r\n<\/article><!-- #post -->\r\n<article id=\"post-1852\" class=\"post post-masonry post-1852 type-post status-publish format-link hentry category-serie-documentos-de-trabajo post_format-post-format-link\">\r\n\r\n\t<div class=\"post-content format-link\">\r\n\t\t\t\t\t<h3 class=\"masonry-title\"><a href=\"\/wp-content\/uploads\/2017\/05\/doc12.pdf\"  rel=\"\"  title=\"Nro. 12 (Abril 1999). Mariana Marchionni. \u00abLa Cobertura en Salud en el \u00c1rea Metropolitana. Un An\u00e1lisis Emp\u00edrico en Base a Modelos de Elecci\u00f3n Binaria y Multinomial\u00bb.\" target=\"_blank\" >Nro. 12 (Abril 1999). Mariana Marchionni. \u00abLa Cobertura en Salud en el \u00c1rea Metropolitana. Un An\u00e1lisis Emp\u00edrico en Base a Modelos de Elecci\u00f3n Binaria y Multinomial\u00bb.<\/a><\/h3>\r\n\t\t\t\t\r\n\t\r\n\t\t<span class=\"post-meta\">\r\n\t\t\t<i class=\"for-sticky fa fa-exclamation\"><\/i><i class=\"fa fa-link\"><\/i>\r\n\t\t\t<em>29 mayo, 2017<\/em>\t\t<\/span>\t\t\t\t\t\r\n\t\t<div class=\"clear\"><\/div>\r\n\t\r\n\t<\/div><!--end post-content-->\r\n\t\r\n<\/article><!-- #post -->\r\n<article id=\"post-1850\" class=\"post post-masonry post-1850 type-post status-publish format-link hentry category-serie-documentos-de-trabajo post_format-post-format-link\">\r\n\r\n\t<div class=\"post-content format-link\">\r\n\t\t\t\t\t<h3 class=\"masonry-title\"><a href=\"\/wp-content\/uploads\/2017\/05\/doc11.pdf\"  rel=\"\"  title=\"Nro. 11 (Marzo 1999). Natalia Porto. \u00abEl Turismo como Alternativa de Crecimiento\u00bb.\" target=\"_blank\" >Nro. 11 (Marzo 1999). Natalia Porto. \u00abEl Turismo como Alternativa de Crecimiento\u00bb.<\/a><\/h3>\r\n\t\t\t\t\r\n\t\r\n\t\t<span class=\"post-meta\">\r\n\t\t\t<i class=\"for-sticky fa fa-exclamation\"><\/i><i class=\"fa fa-link\"><\/i>\r\n\t\t\t<em>29 mayo, 2017<\/em>\t\t<\/span>\t\t\t\t\t\r\n\t\t<div class=\"clear\"><\/div>\r\n\t\r\n\t<\/div><!--end post-content-->\r\n\t\r\n<\/article><!-- #post -->\r\n<article id=\"post-1848\" class=\"post post-masonry post-1848 type-post status-publish format-link hentry category-serie-documentos-de-trabajo post_format-post-format-link\">\r\n\r\n\t<div class=\"post-content format-link\">\r\n\t\t\t\t\t<h3 class=\"masonry-title\"><a href=\"\/wp-content\/uploads\/2017\/05\/doc10.pdf\"  rel=\"\"  title=\"Nro. 10 (Octubre 1998). Mariela Balbo y Josefina Posadas. \u00abUna Primera Aproximaci\u00f3n al Crimen en la Argentina\u00bb.\" target=\"_blank\" >Nro. 10 (Octubre 1998). Mariela Balbo y Josefina Posadas. \u00abUna Primera Aproximaci\u00f3n al Crimen en la Argentina\u00bb.<\/a><\/h3>\r\n\t\t\t\t\r\n\t\r\n\t\t<span class=\"post-meta\">\r\n\t\t\t<i class=\"for-sticky fa fa-exclamation\"><\/i><i class=\"fa fa-link\"><\/i>\r\n\t\t\t<em>29 mayo, 2017<\/em>\t\t<\/span>\t\t\t\t\t\r\n\t\t<div class=\"clear\"><\/div>\r\n\t\r\n\t<\/div><!--end post-content-->\r\n\t\r\n<\/article><!-- #post -->\r\n<article id=\"post-1846\" class=\"post post-masonry post-1846 type-post status-publish format-link hentry category-serie-documentos-de-trabajo post_format-post-format-link\">\r\n\r\n\t<div class=\"post-content format-link\">\r\n\t\t\t\t\t<h3 class=\"masonry-title\"><a href=\"\/wp-content\/uploads\/2017\/05\/doc9.pdf\"  rel=\"\"  title=\"Nro. 9 (Agosto 1998). Fernando Navajas. \u00abEffects of Passthrough Pricing Rules on Gas Purchase Decisions From Different Bassins\u00bb.\" target=\"_blank\" >Nro. 9 (Agosto 1998). Fernando Navajas. \u00abEffects of Passthrough Pricing Rules on Gas Purchase Decisions From Different Bassins\u00bb.<\/a><\/h3>\r\n\t\t\t\t\r\n\t\r\n\t\t<span class=\"post-meta\">\r\n\t\t\t<i class=\"for-sticky fa fa-exclamation\"><\/i><i class=\"fa fa-link\"><\/i>\r\n\t\t\t<em>29 mayo, 2017<\/em>\t\t<\/span>\t\t\t\t\t\r\n\t\t<div class=\"clear\"><\/div>\r\n\t\r\n\t<\/div><!--end post-content-->\r\n\t\r\n<\/article><!-- #post -->\r\n<article id=\"post-1844\" class=\"post post-masonry post-1844 type-post status-publish format-link hentry category-serie-documentos-de-trabajo post_format-post-format-link\">\r\n\r\n\t<div class=\"post-content format-link\">\r\n\t\t\t\t\t<h3 class=\"masonry-title\"><a href=\"\/wp-content\/uploads\/2017\/05\/doc8.pdf\"  rel=\"\"  title=\"Nro. 8 (Julio 1998). Carlos Lamarche, Alberto Porto y Walter Sosa Escudero. \u00abAspectos Regionales del Desempleo en la Argentina\u00bb.\" target=\"_blank\" >Nro. 8 (Julio 1998). Carlos Lamarche, Alberto Porto y Walter Sosa Escudero. \u00abAspectos Regionales del Desempleo en la Argentina\u00bb.<\/a><\/h3>\r\n\t\t\t\t\r\n\t\r\n\t\t<span class=\"post-meta\">\r\n\t\t\t<i class=\"for-sticky fa fa-exclamation\"><\/i><i class=\"fa fa-link\"><\/i>\r\n\t\t\t<em>29 mayo, 2017<\/em>\t\t<\/span>\t\t\t\t\t\r\n\t\t<div class=\"clear\"><\/div>\r\n\t\r\n\t<\/div><!--end post-content-->\r\n\t\r\n<\/article><!-- #post -->\r\n<article id=\"post-1842\" class=\"post post-masonry post-1842 type-post status-publish format-link hentry category-serie-documentos-de-trabajo post_format-post-format-link\">\r\n\r\n\t<div class=\"post-content format-link\">\r\n\t\t\t\t\t<h3 class=\"masonry-title\"><a href=\"\"  rel=\"\"  title=\"Nro. 7 (Junio 1998). Huberto Mar\u00eda Ennis. \u00abOn Search Theory and Customers\u00bb.\" target=\"_blank\" >Nro. 7 (Junio 1998). Huberto Mar\u00eda Ennis. \u00abOn Search Theory and Customers\u00bb.<\/a><\/h3>\r\n\t\t\t\t\r\n\t\r\n\t\t<span class=\"post-meta\">\r\n\t\t\t<i class=\"for-sticky fa fa-exclamation\"><\/i><i class=\"fa fa-link\"><\/i>\r\n\t\t\t<em>29 mayo, 2017<\/em>\t\t<\/span>\t\t\t\t\t\r\n\t\t<div class=\"clear\"><\/div>\r\n\t\r\n\t<\/div><!--end post-content-->\r\n\t\r\n<\/article><!-- #post -->\r\n<article id=\"post-1840\" class=\"post post-masonry post-1840 type-post status-publish format-link hentry category-serie-documentos-de-trabajo post_format-post-format-link\">\r\n\r\n\t<div class=\"post-content format-link\">\r\n\t\t\t\t\t<h3 class=\"masonry-title\"><a href=\"\"  rel=\"\"  title=\"Nro. 6 (Marzo 1998). Alberto Porto y Pablo Sanguinetti. \u00abPolitical Determinants of Regional Distribution in a Federation: Evidence from Argentina\u00bb.\" target=\"_blank\" >Nro. 6 (Marzo 1998). Alberto Porto y Pablo Sanguinetti. \u00abPolitical Determinants of Regional Distribution in a Federation: Evidence from Argentina\u00bb.<\/a><\/h3>\r\n\t\t\t\t\r\n\t\r\n\t\t<span class=\"post-meta\">\r\n\t\t\t<i class=\"for-sticky fa fa-exclamation\"><\/i><i class=\"fa fa-link\"><\/i>\r\n\t\t\t<em>29 mayo, 2017<\/em>\t\t<\/span>\t\t\t\t\t\r\n\t\t<div class=\"clear\"><\/div>\r\n\t\r\n\t<\/div><!--end post-content-->\r\n\t\r\n<\/article><!-- #post -->\r\n<article id=\"post-1728\" class=\"post post-masonry post-1728 type-post status-publish format-link hentry category-serie-documentos-de-trabajo post_format-post-format-link\">\r\n\r\n\t<div class=\"post-content format-link\">\r\n\t\t\t\t\t<h3 class=\"masonry-title\"><a href=\"\/wp-content\/uploads\/2017\/05\/doc5.pdf\"  rel=\"\"  title=\"Nro. 5 (Diciembre 1997). Germ\u00e1n Coloma. \u00abDiferenciaci\u00f3n de Productos y Poder de Mercado\u00bb.\" target=\"_blank\" >Nro. 5 (Diciembre 1997). Germ\u00e1n Coloma. \u00abDiferenciaci\u00f3n de Productos y Poder de Mercado\u00bb.<\/a><\/h3>\r\n\t\t\t\t\r\n\t\r\n\t\t<span class=\"post-meta\">\r\n\t\t\t<i class=\"for-sticky fa fa-exclamation\"><\/i><i class=\"fa fa-link\"><\/i>\r\n\t\t\t<em>29 mayo, 2017<\/em>\t\t<\/span>\t\t\t\t\t\r\n\t\t<div class=\"clear\"><\/div>\r\n\t\r\n\t<\/div><!--end post-content-->\r\n\t\r\n<\/article><!-- #post -->\r\n<article id=\"post-1726\" class=\"post post-masonry post-1726 type-post status-publish format-link hentry category-serie-documentos-de-trabajo post_format-post-format-link\">\r\n\r\n\t<div class=\"post-content format-link\">\r\n\t\t\t\t\t<h3 class=\"masonry-title\"><a href=\"\"  rel=\"\"  title=\"Nro. 4 (Noviembre 1997). Alfredo Navarro y Cristina Opezzi. \u00abMoney, Prices, and Exchange Rate in Argentina: An Empirical Analysis Using the Johansen-Juselius Method\u00bb.\" target=\"_blank\" >Nro. 4 (Noviembre 1997). Alfredo Navarro y Cristina Opezzi. \u00abMoney, Prices, and Exchange Rate in Argentina: An Empirical Analysis Using the Johansen-Juselius Method\u00bb.<\/a><\/h3>\r\n\t\t\t\t\r\n\t\r\n\t\t<span class=\"post-meta\">\r\n\t\t\t<i class=\"for-sticky fa fa-exclamation\"><\/i><i class=\"fa fa-link\"><\/i>\r\n\t\t\t<em>29 mayo, 2017<\/em>\t\t<\/span>\t\t\t\t\t\r\n\t\t<div class=\"clear\"><\/div>\r\n\t\r\n\t<\/div><!--end post-content-->\r\n\t\r\n<\/article><!-- #post -->\r\n<article id=\"post-1695\" class=\"post post-masonry post-1695 type-post status-publish format-link hentry category-serie-documentos-de-trabajo post_format-post-format-link\">\r\n\r\n\t<div class=\"post-content format-link\">\r\n\t\t\t\t\t<h3 class=\"masonry-title\"><a href=\"\/wp-content\/uploads\/2017\/05\/doc3.pdf\"  rel=\"\"  title=\"Nro. 3 (Octubre 1997). Santiago Urbiztondo. \u00abConfusing Fixed and Variable Costs under Ramsey Regulation\u00bb.\" target=\"_blank\" >Nro. 3 (Octubre 1997). Santiago Urbiztondo. \u00abConfusing Fixed and Variable Costs under Ramsey Regulation\u00bb.<\/a><\/h3>\r\n\t\t\t\t\r\n\t\r\n\t\t<span class=\"post-meta\">\r\n\t\t\t<i class=\"for-sticky fa fa-exclamation\"><\/i><i class=\"fa fa-link\"><\/i>\r\n\t\t\t<em>22 mayo, 2017<\/em>\t\t<\/span>\t\t\t\t\t\r\n\t\t<div class=\"clear\"><\/div>\r\n\t\r\n\t<\/div><!--end post-content-->\r\n\t\r\n<\/article><!-- #post -->\r\n<article id=\"post-1693\" class=\"post post-masonry post-1693 type-post status-publish format-link hentry category-serie-documentos-de-trabajo post_format-post-format-link\">\r\n\r\n\t<div class=\"post-content format-link\">\r\n\t\t\t\t\t<h3 class=\"masonry-title\"><a href=\"\"  rel=\"\"  title=\"Nro. 2 (Septimbre 1997). Leonardo Gasparini. \u00abMeasuring Unfairness in the Distribution\u00bb.\" target=\"_blank\" >Nro. 2 (Septimbre 1997). Leonardo Gasparini. \u00abMeasuring Unfairness in the Distribution\u00bb.<\/a><\/h3>\r\n\t\t\t\t\r\n\t\r\n\t\t<span class=\"post-meta\">\r\n\t\t\t<i class=\"for-sticky fa fa-exclamation\"><\/i><i class=\"fa fa-link\"><\/i>\r\n\t\t\t<em>22 mayo, 2017<\/em>\t\t<\/span>\t\t\t\t\t\r\n\t\t<div class=\"clear\"><\/div>\r\n\t\r\n\t<\/div><!--end post-content-->\r\n\t\r\n<\/article><!-- #post -->\r\n<article id=\"post-1691\" class=\"post post-masonry post-1691 type-post status-publish format-link hentry category-serie-documentos-de-trabajo post_format-post-format-link\">\r\n\r\n\t<div class=\"post-content format-link\">\r\n\t\t\t\t\t<h3 class=\"masonry-title\"><a href=\"\"  rel=\"\"  title=\"Nro. 1 (Agosto 1997). El\u00edas Salama. \u00abEl Orden Monetario. Caja de Conversi\u00f3n-Banco de la Naci\u00f3n\u00bb.\" target=\"_blank\" >Nro. 1 (Agosto 1997). El\u00edas Salama. \u00abEl Orden Monetario. Caja de Conversi\u00f3n-Banco de la Naci\u00f3n\u00bb.<\/a><\/h3>\r\n\t\t\t\t\r\n\t\r\n\t\t<span class=\"post-meta\">\r\n\t\t\t<i class=\"for-sticky fa fa-exclamation\"><\/i><i class=\"fa fa-link\"><\/i>\r\n\t\t\t<em>22 mayo, 2017<\/em>\t\t<\/span>\t\t\t\t\t\r\n\t\t<div class=\"clear\"><\/div>\r\n\t\r\n\t<\/div><!--end post-content-->\r\n\t\r\n<\/article><!-- #post --><\/section><\/div>[\/vc_column][\/vc_row]<\/p>\n","protected":false},"excerpt":{"rendered":"<p>[vc_row content_placement=\u00bbtop\u00bb bg_image=\u00bb2083&#8243; dt_parallax_inertia=\u00bb0&#8243;][vc_column][vc_row_inner][vc_column_inner][vc_column_text] SERIE DOCUMENTOS DE TRABAJO [\/vc_column_text][\/vc_column_inner][\/vc_row_inner][\/vc_column][\/vc_row][vc_row dt_row_type=\u00bbin_container\u00bb][vc_column][vc_column_text] Departamento de Econom\u00eda e Instituto de Investigaciones Econ\u00f3micas [\/vc_column_text][vc_column_text css=\u00bb.vc_custom_1496158642588{padding-top: 20px !important;padding-right: 20px !important;padding-bottom: 20px&#8230;<\/p>\n<p class=\"readmore\"><a class=\"more-btn\" href=\"https:\/\/depeco.econo.unlp.edu.ar\/?p=1691\">Read More<\/a><\/p>\n","protected":false},"author":1,"featured_media":0,"parent":1273,"menu_order":0,"comment_status":"closed","ping_status":"closed","template":"template-homepage.php","meta":[],"_links":{"self":[{"href":"https:\/\/depeco.econo.unlp.edu.ar\/index.php?rest_route=\/wp\/v2\/pages\/1304"}],"collection":[{"href":"https:\/\/depeco.econo.unlp.edu.ar\/index.php?rest_route=\/wp\/v2\/pages"}],"about":[{"href":"https:\/\/depeco.econo.unlp.edu.ar\/index.php?rest_route=\/wp\/v2\/types\/page"}],"author":[{"embeddable":true,"href":"https:\/\/depeco.econo.unlp.edu.ar\/index.php?rest_route=\/wp\/v2\/users\/1"}],"replies":[{"embeddable":true,"href":"https:\/\/depeco.econo.unlp.edu.ar\/index.php?rest_route=%2Fwp%2Fv2%2Fcomments&post=1304"}],"version-history":[{"count":80,"href":"https:\/\/depeco.econo.unlp.edu.ar\/index.php?rest_route=\/wp\/v2\/pages\/1304\/revisions"}],"predecessor-version":[{"id":3395,"href":"https:\/\/depeco.econo.unlp.edu.ar\/index.php?rest_route=\/wp\/v2\/pages\/1304\/revisions\/3395"}],"up":[{"embeddable":true,"href":"https:\/\/depeco.econo.unlp.edu.ar\/index.php?rest_route=\/wp\/v2\/pages\/1273"}],"wp:attachment":[{"href":"https:\/\/depeco.econo.unlp.edu.ar\/index.php?rest_route=%2Fwp%2Fv2%2Fmedia&parent=1304"}],"curies":[{"name":"wp","href":"https:\/\/api.w.org\/{rel}","templated":true}]}}