{"id":2479,"date":"2017-06-05T15:37:48","date_gmt":"2017-06-05T15:37:48","guid":{"rendered":"https:\/\/depeco.econo.unlp.edu.ar\/?page_id=2479"},"modified":"2017-06-05T15:54:43","modified_gmt":"2017-06-05T15:54:43","slug":"16o-seminario-de-federalismo-fiscal-consecuencias-del-funcionamiento-del-federalismo-argentino","status":"publish","type":"page","link":"https:\/\/depeco.econo.unlp.edu.ar\/?page_id=2479","title":{"rendered":"16\u00ba Seminario de Federalismo Fiscal: Consecuencias del Funcionamiento del Federalismo Argentino"},"content":{"rendered":"<p>[vc_row content_placement=\u00bbtop\u00bb bg_image=\u00bb2083&#8243; dt_parallax_inertia=\u00bb0&#8243;][vc_column][vc_row_inner][vc_column_inner]<div style=\"clear:both; width:100%; height:25px\"><\/div>[vc_column_text]<\/p>\n<h2><span style=\"color: #ffffff;\">SEMINARIOS Y JORNADAS<\/span><\/h2>\n<p>[\/vc_column_text][\/vc_column_inner][\/vc_row_inner][\/vc_column][\/vc_row][vc_row dt_row_type=\u00bbin_container\u00bb][vc_column]<div style=\"clear:both; width:100%; height:20px\"><\/div>[vc_column_text]<\/p>\n<h2>16\u00ba Seminario de Federalismo Fiscal: Consecuencias del Funcionamiento del Federalismo Argentino<\/h2>\n<p>[\/vc_column_text][vc_column_text]<\/p>\n<ul>\n<li>Organizado conjuntamente por\n<ul>\n<li>Facultad de Ciencias Econ\u00f3micas de la Universidad Nacional de La Plata<\/li>\n<li>CIPPEC (Centro de Implementaci\u00f3n de Pol\u00edticas P\u00fablicas para la Equidad y el Crecimiento)<\/li>\n<li>IAE Business School de la Universidad Austral<\/li>\n<li>IEF (Instituto de Econom\u00eda y Finanzas) de la Facultad de Ciencias Econ\u00f3micas de la Universidad Nacional de C\u00f3rdoba<\/li>\n<li>Instituto de Federalismo de la Academia Nacional de Derecho de C\u00f3rdoba<\/li>\n<li>Universidad Torcuato Di Tella<\/li>\n<\/ul>\n<p>Realizado en el Aula Magna de la Facultad de Ciencias Econ\u00f3micas de la UNLP (Calle 6 entre 47 y 48), el d\u00eda <strong>17 de abril de 2013<\/strong> de 9:00 a 15:15 hs.<\/li>\n<\/ul>\n<p>[\/vc_column_text][vc_separator border_width=\u00bb3&#8243;][vc_column_text]<\/p>\n<h4><i class=\"fa fa-caret-right\"><\/i> <a href=\"\/wp-content\/uploads\/2017\/06\/programa.pdf\" target=\"_blank\"><strong>Programa del Seminario <\/strong><\/a><\/h4>\n<p>[\/vc_column_text][vc_separator border_width=\u00bb3&#8243;][vc_column_text]<\/p>\n<h4><i class=\"fa fa-caret-right\"><\/i> <a href=\"\/wp-content\/uploads\/2017\/06\/trabajos-siff-2013.pdf\" target=\"_blank\"><strong>Versiones Editadas de los Trabajos Presentados <\/strong><\/a><\/h4>\n<p>[\/vc_column_text][vc_separator border_width=\u00bb3&#8243;][vc_column_text]<strong>Trabajos Presentados<\/strong>[\/vc_column_text][vc_column_text]<\/p>\n<ul>\n<li>Walter Cont (FIEL\/UNLP), Pedro Juarros (UNLP) y Alberto Porto (UNLP). <a href=\"\/wp-content\/uploads\/2017\/06\/Cont-Juarros-Porto.pdf\" target=\"_blank\">Consecuencias de la Interacci\u00f3n entre el Presupuesto Nacional y las Transferencias Nacionales sobre la Redistribuci\u00f3n y Estabilizaci\u00f3n Regional del Ingreso <img decoding=\"async\" loading=\"lazy\" src=\"https:\/\/depeco.econo.unlp.edu.ar\/images\/icono-pdf.gif\" width=\"16\" height=\"16\" align=\"absmiddle\" border=\"0\" \/><\/a>.<\/li>\n<li>Luciana D\u00edaz Frers (CIPPEC). <a href=\"\/wp-content\/uploads\/2017\/06\/Frers-1.pdf\" target=\"_blank\">Debajo del Laberinto: Los Sistemas de Coparticipaci\u00f3n de Provincias a Municipios <img decoding=\"async\" loading=\"lazy\" src=\"https:\/\/depeco.econo.unlp.edu.ar\/images\/icono-pdf.gif\" width=\"16\" height=\"16\" align=\"absmiddle\" border=\"0\" \/><\/a>.<\/li>\n<li>Luciana D\u00edaz Frers (CIPPEC). <a href=\"\/wp-content\/uploads\/2017\/06\/Frers-2.pdf\" target=\"_blank\">Las Peque\u00f1as Copas: Los Reg\u00edmenes Provinciales de Coparticipaci\u00f3n y su Impacto en la Realidad Municipal <img decoding=\"async\" loading=\"lazy\" src=\"https:\/\/depeco.econo.unlp.edu.ar\/images\/icono-pdf.gif\" width=\"16\" height=\"16\" align=\"absmiddle\" border=\"0\" \/><\/a>.<\/li>\n<li>Alejandro Bonvecchi (Universidad Torcuato Di Tella\/CONICET) <a href=\"\/wp-content\/uploads\/2017\/06\/Bonvecchi.pdf\" target=\"_blank\">Federalismo Fiscal y Supervivencia Presidencial <img decoding=\"async\" loading=\"lazy\" src=\"https:\/\/depeco.econo.unlp.edu.ar\/images\/icono-pdf.gif\" width=\"16\" height=\"16\" align=\"absmiddle\" border=\"0\" \/><\/a>.<\/li>\n<li>P. Moncarz (UNCba), S. Freille (UNCba\/Universidad Cat\u00f3lica de C\u00f3rdoba), A. Figueras (UNCba) y M. Capello (UNCba\/IERAL de Fundaci\u00f3n Mediterr\u00e1nea). <a href=\"\/wp-content\/uploads\/2017\/06\/Moncarz-Freille-Figueras-Capello.pdf\" target=\"_blank\">Vertical Fiscal Transfers and the Location of Footloose Activity Across a Country Regions <img decoding=\"async\" loading=\"lazy\" src=\"https:\/\/depeco.econo.unlp.edu.ar\/images\/icono-pdf.gif\" width=\"16\" height=\"16\" align=\"absmiddle\" border=\"0\" \/><\/a>.<\/li>\n<li>Antonio Mar\u00eda Hernandez (UNCba). <a href=\"\/wp-content\/uploads\/2017\/06\/Hernandez.pdf\" target=\"_blank\">La Realidad de Nuestro Federalismo, el Incumplimiento de la Constituci\u00f3n Nacional y la Tendencia a la Centralizaci\u00f3n <img decoding=\"async\" loading=\"lazy\" src=\"https:\/\/depeco.econo.unlp.edu.ar\/images\/icono-pdf.gif\" width=\"16\" height=\"16\" align=\"absmiddle\" border=\"0\" \/><\/a>.<\/li>\n<li>Carlos Gervasoni (UTDT). <a href=\"\/wp-content\/uploads\/2017\/06\/Gervasoni.pdf\" target=\"_blank\">Los Efectos de las Trasferencias Federales sobre la Competitividad Electoral Subnacional: Una Estimaci\u00f3n de la Ventaja Oficialista de Gobernadores en Provincias Rent\u00edsticas (1983-2011) <img decoding=\"async\" loading=\"lazy\" src=\"https:\/\/depeco.econo.unlp.edu.ar\/images\/icono-pdf.gif\" width=\"16\" height=\"16\" align=\"absmiddle\" border=\"0\" \/><\/a>.<\/li>\n<li>Mauricio Grotz (CONICET) y Juan J. Llach (IAE-Universidad Austral). <a href=\"\/wp-content\/uploads\/2017\/06\/Grotz-Llach.pdf\" target=\"_blank\">Coparticipaci\u00f3n casi sin convergencia, 1950-2010 <img decoding=\"async\" loading=\"lazy\" src=\"https:\/\/depeco.econo.unlp.edu.ar\/images\/icono-pdf.gif\" width=\"16\" height=\"16\" align=\"absmiddle\" border=\"0\" \/><\/a>.<\/li>\n<\/ul>\n<p>[\/vc_column_text][\/vc_column][\/vc_row]<\/p>\n","protected":false},"excerpt":{"rendered":"<p>[vc_row content_placement=\u00bbtop\u00bb bg_image=\u00bb2083&#8243; dt_parallax_inertia=\u00bb0&#8243;][vc_column][vc_row_inner][vc_column_inner][vc_column_text] SEMINARIOS Y JORNADAS [\/vc_column_text][\/vc_column_inner][\/vc_row_inner][\/vc_column][\/vc_row][vc_row dt_row_type=\u00bbin_container\u00bb][vc_column][vc_column_text] 16\u00ba Seminario de Federalismo Fiscal: Consecuencias del Funcionamiento del Federalismo Argentino [\/vc_column_text][vc_column_text] Organizado conjuntamente por Facultad&#8230;<\/p>\n<p class=\"readmore\"><a class=\"more-btn\" href=\"https:\/\/depeco.econo.unlp.edu.ar\/?page_id=2479\">Read More<\/a><\/p>\n","protected":false},"author":1,"featured_media":0,"parent":2454,"menu_order":0,"comment_status":"closed","ping_status":"closed","template":"template-homepage.php","meta":[],"_links":{"self":[{"href":"https:\/\/depeco.econo.unlp.edu.ar\/index.php?rest_route=\/wp\/v2\/pages\/2479"}],"collection":[{"href":"https:\/\/depeco.econo.unlp.edu.ar\/index.php?rest_route=\/wp\/v2\/pages"}],"about":[{"href":"https:\/\/depeco.econo.unlp.edu.ar\/index.php?rest_route=\/wp\/v2\/types\/page"}],"author":[{"embeddable":true,"href":"https:\/\/depeco.econo.unlp.edu.ar\/index.php?rest_route=\/wp\/v2\/users\/1"}],"replies":[{"embeddable":true,"href":"https:\/\/depeco.econo.unlp.edu.ar\/index.php?rest_route=%2Fwp%2Fv2%2Fcomments&post=2479"}],"version-history":[{"count":8,"href":"https:\/\/depeco.econo.unlp.edu.ar\/index.php?rest_route=\/wp\/v2\/pages\/2479\/revisions"}],"predecessor-version":[{"id":2497,"href":"https:\/\/depeco.econo.unlp.edu.ar\/index.php?rest_route=\/wp\/v2\/pages\/2479\/revisions\/2497"}],"up":[{"embeddable":true,"href":"https:\/\/depeco.econo.unlp.edu.ar\/index.php?rest_route=\/wp\/v2\/pages\/2454"}],"wp:attachment":[{"href":"https:\/\/depeco.econo.unlp.edu.ar\/index.php?rest_route=%2Fwp%2Fv2%2Fmedia&parent=2479"}],"curies":[{"name":"wp","href":"https:\/\/api.w.org\/{rel}","templated":true}]}}