{"id":2568,"date":"2017-06-05T18:21:47","date_gmt":"2017-06-05T18:21:47","guid":{"rendered":"https:\/\/depeco.econo.unlp.edu.ar\/?page_id=2568"},"modified":"2017-06-05T18:26:55","modified_gmt":"2017-06-05T18:26:55","slug":"cuarto-seminario-internacional-de-federalismo-fiscal-y-economias-regionales","status":"publish","type":"page","link":"https:\/\/depeco.econo.unlp.edu.ar\/?page_id=2568","title":{"rendered":"Cuarto Seminario Internacional de Federalismo Fiscal y Econom\u00edas Regionales"},"content":{"rendered":"<p>[vc_row content_placement=\u00bbtop\u00bb bg_image=\u00bb2083&#8243; dt_parallax_inertia=\u00bb0&#8243;][vc_column][vc_row_inner][vc_column_inner]<div style=\"clear:both; width:100%; height:25px\"><\/div>[vc_column_text]<\/p>\n<h2><span style=\"color: #ffffff;\">SEMINARIOS Y JORNADAS<\/span><\/h2>\n<p>[\/vc_column_text][\/vc_column_inner][\/vc_row_inner][\/vc_column][\/vc_row][vc_row dt_row_type=\u00bbin_container\u00bb][vc_column]<div style=\"clear:both; width:100%; height:20px\"><\/div>[vc_column_text]<\/p>\n<h2>Cuarto Seminario Internacional de Federalismo Fiscal y Econom\u00edas Regionales<\/h2>\n<p>[\/vc_column_text][vc_column_text]Realizado en La Plata, el d\u00eda 4 de junio de 1999. Aula Magna de la Facultad de Ciencias Econ\u00f3micas de la Universidad Nacional de La Plata. Organizado por el Departamento de Econom\u00eda.<\/p>\n<p><strong>Comit\u00e9 Organizador<\/strong><\/p>\n<p>Atilio Elizagaray<br \/>\nWalter Sosa Escudero<br \/>\nLeonardo Gasparini<br \/>\nMarcelo Garriga<br \/>\nSecretaria Ejecutiva: Mar\u00eda Lorena Garegnani[\/vc_column_text][vc_separator border_width=\u00bb3&#8243;][vc_column_text]<\/p>\n<h4><i class=\"fa fa-caret-right\"><\/i><a href=\"\/wp-content\/uploads\/2017\/06\/4programa.pdf\" target=\"_blank\"><strong> Programa del Seminario<\/strong><\/a><\/h4>\n<p>[\/vc_column_text][vc_separator border_width=\u00bb3&#8243;][vc_column_text]<\/p>\n<h4><strong>Trabajos presentados<\/strong><\/h4>\n<h4><strong>Federalismo Fiscal y Econom\u00edas Regionales<\/strong><\/h4>\n<p>[\/vc_column_text][vc_column_text]<\/p>\n<ul>\n<li>A. Porto (UNLP y ITDT) y J. Posadas (UNLP), <a href=\"\/wp-content\/uploads\/2017\/06\/ffyer01.pdf\" target=\"_blank\">\u00abComercio Exterior y Econom\u00edas Regionales en la Argentina\u00bb<\/a>. (175 KB).<\/li>\n<li>A. Zentner (M EOySPN), \u00abCuestiones Macroecon\u00f3micas del Federalismo Fiscal\u00bb.<\/li>\n<li>C. Mart\u00ednez (Universidad Nacional del Sur), <a href=\"\/wp-content\/uploads\/2017\/06\/ffyer03.pdf\" target=\"_blank\">\u00abFormas de Financiamiento Municipal. El Caso de Bah\u00eda Blanca\u00bb<\/a>. (62 KB).<\/li>\n<li>H. Quintana (Universidad Nacional de Jujuy), <a href=\"\/wp-content\/uploads\/2017\/06\/ffyer04.pdf\" target=\"_blank\">\u00abContribuciones Te\u00f3ricas para el An\u00e1lisis Conceptual del Federalismo Fiscal\u00bb<\/a>. (68 KB)<\/li>\n<li>J. Carrera, P. Perez y G. Saller (CACES, UBA y UNLP), <a href=\"\/wp-content\/uploads\/2017\/06\/ffyer05.pdf\" target=\"_blank\">\u00abEl Ciclo Econ\u00f3mico y la Recaudaci\u00f3n\u00bb<\/a>. (224 KB).<\/li>\n<li>J. Sanguinetti (MEOySPN), \u00abRestricci\u00f3n de Presupuesto Blanda en los niveles Subnacionales de Gobierno: el Caso de los Salvatajes (Bail-out)\u00bb.<\/li>\n<li>L. Garegnani y L. Di Gresia (UNLP), <a href=\"\/wp-content\/uploads\/2017\/06\/ffyer07.pdf\" target=\"_blank\">\u00abRelaci\u00f3n entre Ciclo Econ\u00f3mico Regional y Nacional: An\u00e1lisis del Per\u00edodo 1961-1995\u00bb<\/a>. (101 KB).<\/li>\n<li>M. A. Asensio (Universidad Nacional del Litoral), \u00abEnfoque Econ\u00f3mico &#8211; Institucional para la Reforma del Federalismo Fiscal en Argentina\u00bb.<\/li>\n<li>N. Porto (UNLP), <a href=\"\/wp-content\/uploads\/2017\/06\/ffyer09.pdf\" target=\"_blank\">\u00abEl Turismo como Alternativa de Crecimiento\u00bb<\/a>. (101 KB).<\/li>\n<li>P. Nicolini, M. Tommasi y P. Sanguinetti (UTDT), \u00abDescentralizaci\u00f3n y Disciplina Fiscal de los Gobiernos Subnacionales\u00bb.<\/li>\n<li>S. Webb y W. Dillinger (Banco Mundial), <a href=\"\/wp-content\/uploads\/2017\/06\/ffyer11.pdf\" target=\"_blank\">\u00abFiscal Management in Federal Democracies: Argentina and Brazil\u00bb<\/a>. (113 KB).<\/li>\n<\/ul>\n<p>[\/vc_column_text][vc_column_text]<\/p>\n<h4><strong>Distribuci\u00f3n del Ingreso<\/strong><\/h4>\n<p>[\/vc_column_text][vc_column_text]<\/p>\n<ul>\n<li>D. Artana (UNLP y FIEL) y C. Moskovits (FIEL), \u00abEfectos de la Pol\u00edtica Fiscal Nacional sobre la Distribuci\u00f3n del Ingreso\u00bb.<\/li>\n<li>F. Navajas (UNLP y FIEL), \u00abLa Distribuci\u00f3n del Consumo en Argentina y los Efectos Distributivos de los Cambios en Precios Relativos\u00bb.<\/li>\n<li>L. Gasparini y W. Sosa Escudero (UNLP), <a href=\"\/wp-content\/uploads\/2017\/06\/di03.pdf\" target=\"_blank\">\u00abBienestar y Distribuci\u00f3n del Ingreso en la Argentina\u00bb<\/a>. (109 KB).<\/li>\n<li>M. Harriague (MEOySPN), \u00abEl Impacto Redistributivo del Gasto P\u00fablico en los Sectores Sociales\u00bb.<\/li>\n<li>O. Altimir y L. Beccaria (Universidad de General Sarmiento), \u00abDistribuci\u00f3n del Ingreso en Argentina desde mediados de los setenta\u00bb.<\/li>\n<li>P. Botargues (MEOySPN) y D. Petrecolla (UTDT y FADE), <a href=\"\/wp-content\/uploads\/2017\/06\/di06.pdf\" target=\"_blank\">\u00abEstimaciones Param\u00e9tricas y no Param\u00e9tricas de la Distribuci\u00f3n del Ingreso de los Ocupados del Gran Buenos Aires, 1992-1997\u00bb<\/a>. (146 KB).<\/li>\n<li>P. Tagliani (Universidad Nacional del Comahue), <a href=\"\/wp-content\/uploads\/2017\/06\/di07.pdf\" target=\"_blank\">\u00abAn\u00e1lisis de Factores que Explican el Rendimiento de la Escuelas de Nivel Primario. El Caso de R\u00edo Negro\u00bb<\/a>. (54 KB).<\/li>\n<\/ul>\n<p>[\/vc_column_text][\/vc_column][\/vc_row]<\/p>\n","protected":false},"excerpt":{"rendered":"<p>[vc_row content_placement=\u00bbtop\u00bb bg_image=\u00bb2083&#8243; dt_parallax_inertia=\u00bb0&#8243;][vc_column][vc_row_inner][vc_column_inner][vc_column_text] SEMINARIOS Y JORNADAS [\/vc_column_text][\/vc_column_inner][\/vc_row_inner][\/vc_column][\/vc_row][vc_row dt_row_type=\u00bbin_container\u00bb][vc_column][vc_column_text] Cuarto Seminario Internacional de Federalismo Fiscal y Econom\u00edas Regionales [\/vc_column_text][vc_column_text]Realizado en La Plata, el d\u00eda 4&#8230;<\/p>\n<p class=\"readmore\"><a class=\"more-btn\" href=\"https:\/\/depeco.econo.unlp.edu.ar\/?page_id=2568\">Read More<\/a><\/p>\n","protected":false},"author":1,"featured_media":0,"parent":2454,"menu_order":0,"comment_status":"closed","ping_status":"closed","template":"template-homepage.php","meta":[],"_links":{"self":[{"href":"https:\/\/depeco.econo.unlp.edu.ar\/index.php?rest_route=\/wp\/v2\/pages\/2568"}],"collection":[{"href":"https:\/\/depeco.econo.unlp.edu.ar\/index.php?rest_route=\/wp\/v2\/pages"}],"about":[{"href":"https:\/\/depeco.econo.unlp.edu.ar\/index.php?rest_route=\/wp\/v2\/types\/page"}],"author":[{"embeddable":true,"href":"https:\/\/depeco.econo.unlp.edu.ar\/index.php?rest_route=\/wp\/v2\/users\/1"}],"replies":[{"embeddable":true,"href":"https:\/\/depeco.econo.unlp.edu.ar\/index.php?rest_route=%2Fwp%2Fv2%2Fcomments&post=2568"}],"version-history":[{"count":5,"href":"https:\/\/depeco.econo.unlp.edu.ar\/index.php?rest_route=\/wp\/v2\/pages\/2568\/revisions"}],"predecessor-version":[{"id":2584,"href":"https:\/\/depeco.econo.unlp.edu.ar\/index.php?rest_route=\/wp\/v2\/pages\/2568\/revisions\/2584"}],"up":[{"embeddable":true,"href":"https:\/\/depeco.econo.unlp.edu.ar\/index.php?rest_route=\/wp\/v2\/pages\/2454"}],"wp:attachment":[{"href":"https:\/\/depeco.econo.unlp.edu.ar\/index.php?rest_route=%2Fwp%2Fv2%2Fmedia&parent=2568"}],"curies":[{"name":"wp","href":"https:\/\/api.w.org\/{rel}","templated":true}]}}